{"id":9691,"date":"2023-04-23T17:56:01","date_gmt":"2023-04-23T17:56:01","guid":{"rendered":"https:\/\/www.tacticalperiodisation.com\/graduados-certificados\/"},"modified":"2026-08-31T17:13:27","modified_gmt":"2026-08-31T17:13:27","slug":"graduados-certificados","status":"publish","type":"page","link":"https:\/\/www.tacticalperiodisation.com\/pt\/graduados-certificados\/","title":{"rendered":"Graduados Certificados"},"content":{"rendered":"<p><div class=\"fusion-fullwidth fullwidth-box fusion-builder-row-1 fusion-flex-container has-pattern-background has-mask-background nonhundred-percent-fullwidth non-hundred-percent-height-scrolling\" style=\"--awb-border-radius-top-left:0px;--awb-border-radius-top-right:0px;--awb-border-radius-bottom-right:0px;--awb-border-radius-bottom-left:0px;--awb-flex-wrap:wrap;\" ><div class=\"fusion-builder-row fusion-row fusion-flex-align-items-flex-start fusion-flex-content-wrap\" style=\"max-width:1332.24px;margin-left: calc(-4% \/ 2 );margin-right: calc(-4% \/ 2 );\"><div class=\"fusion-layout-column fusion_builder_column fusion-builder-column-0 fusion_builder_column_1_1 1_1 fusion-flex-column\" style=\"--awb-bg-size:cover;--awb-width-large:100%;--awb-margin-top-large:10px;--awb-spacing-right-large:1.92%;--awb-margin-bottom-large:10px;--awb-spacing-left-large:1.92%;--awb-width-medium:100%;--awb-order-medium:0;--awb-spacing-right-medium:1.92%;--awb-spacing-left-medium:1.92%;--awb-width-small:100%;--awb-order-small:0;--awb-spacing-right-small:1.92%;--awb-spacing-left-small:1.92%;\"><div class=\"fusion-column-wrapper fusion-column-has-shadow fusion-flex-justify-content-flex-start fusion-content-layout-column\"><div class=\"fusion-title title fusion-title-1 fusion-sep-none fusion-title-text fusion-title-size-one\"><h1 class=\"fusion-title-heading title-heading-left fusion-responsive-typography-calculated\" style=\"margin:0;text-transform:capitalize;--fontSize:50;line-height:var(--awb-typography1-line-height);\"><h1 style=\"text-align: center; font-size: 24px;\">Treinadores Certificados<\/h1><\/h1><\/div><\/div><\/div><div class=\"fusion-layout-column fusion_builder_column fusion-builder-column-1 fusion_builder_column_1_1 1_1 fusion-flex-column\" style=\"--awb-bg-size:cover;--awb-width-large:100%;--awb-margin-top-large:10px;--awb-spacing-right-large:1.92%;--awb-margin-bottom-large:10px;--awb-spacing-left-large:1.92%;--awb-width-medium:100%;--awb-order-medium:0;--awb-spacing-right-medium:1.92%;--awb-spacing-left-medium:1.92%;--awb-width-small:100%;--awb-order-small:0;--awb-spacing-right-small:1.92%;--awb-spacing-left-small:1.92%;\"><div class=\"fusion-column-wrapper fusion-column-has-shadow fusion-flex-justify-content-flex-start fusion-content-layout-column\"><div class=\"fusion-flip-boxes flip-boxes row fusion-columns-3 flip-effect-classic equal-heights\" style=\"--awb-margin-top:20px;\"><div class=\"fusion-flip-box-wrapper fusion-column col-lg-4 col-md-4 col-sm-4\"><div class=\"fusion-flip-box flip-right\" tabindex=\"0\"><div class=\"flip-box-inner-wrapper\"><div class=\"flip-box-front\" style=\"--awb-border-size:0px;--awb-border-radius:10px;--awb-title-front-color:var(--awb-color1);--awb-text-front-color:var(--awb-color3);--awb-background-image-front:url(&#039;https:\/\/www.tacticalperiodisation.com\/wp-content\/uploads\/2023\/04\/Abdulla-Almuqahwi.jpg&#039;);\"><div class=\"flip-box-front-inner\"><h4 class=\"flip-box-heading\" style=\"--h4_typography-font-family:var(--awb-typography1-font-family);--h4_typography-font-weight:var(--awb-typography1-font-weight);--h4_typography-font-style:var(--awb-typography1-font-style);--h4_typography-font-size:30px;--h4_typography-letter-spacing:var(--awb-typography1-letter-spacing);--h4_typography-line-height:var(--awb-typography1-line-height);--h4_typography-text-transform:var(--awb-typography1-text-transform);\">Abdulla Almuqahwi<\/h4>Treinador Adjunto de Futebol<\/div><\/div><div class=\"flip-box-back\" style=\"--awb-border-size:0px;--awb-border-radius:10px;--awb-background-color-back:hsla(var(--awb-color5-h),calc(var(--awb-color5-s) + 15%),var(--awb-color5-l),var(--awb-color5-a));--awb-title-back-color:var(--awb-color1);--awb-text-back-color:var(--awb-color1);--awb-background-image-back:url(&#039;https:\/\/www.tacticalperiodisation.com\/wp-content\/uploads\/2023\/07\/flipboxes-bg-3.png&#039;);\"><div class=\"flip-box-back-inner\"><h4 class=\"flip-box-heading-back\" style=\"--h4_typography-font-family:var(--awb-typography1-font-family);--h4_typography-font-weight:var(--awb-typography1-font-weight);--h4_typography-font-style:var(--awb-typography1-font-style);--h4_typography-font-size:30px;--h4_typography-letter-spacing:var(--awb-typography1-letter-spacing);--h4_typography-line-height:var(--awb-typography1-line-height);--h4_typography-text-transform:var(--awb-typography1-text-transform);\">Abdulla Almuqahwi<\/h4>\n<p style=\"margin: 20px 30px 20px 30px;\"><strong>Clube Atual:<\/strong> Sele\u00e7\u00e3o Nacional Sub-20 dos EAU<br \/>\n<strong>Clubes Anteriores:<\/strong> Sele\u00e7\u00f5es Nacionais de Forma\u00e7\u00e3o do Bahrein (Sub-23\/Sub-20\/Sub-15)<br \/>\n<strong>Principais T\u00edtulos:<\/strong> Qualifica\u00e7\u00e3o para o Campeonato Asi\u00e1tico Sub-20 2020 \u2013 Quartos de Final da Ta\u00e7a \u00c1rabe 2020<\/p>\n<\/div><\/div><\/div><\/div><\/div><div class=\"fusion-flip-box-wrapper fusion-column col-lg-4 col-md-4 col-sm-4\"><div class=\"fusion-flip-box flip-right\" tabindex=\"0\"><div class=\"flip-box-inner-wrapper\"><div class=\"flip-box-front\" style=\"--awb-background-image-front:url(&#039;https:\/\/www.tacticalperiodisation.com\/wp-content\/uploads\/2024\/01\/Andras-Berndt5.jpeg&#039;);\"><div class=\"flip-box-front-inner\"><h4 class=\"flip-box-heading\" style=\"--h4_typography-font-family:var(--awb-typography1-font-family);--h4_typography-font-weight:var(--awb-typography1-font-weight);--h4_typography-font-style:var(--awb-typography1-font-style);--h4_typography-font-size:30px;--h4_typography-letter-spacing:var(--awb-typography1-letter-spacing);--h4_typography-line-height:var(--awb-typography1-line-height);--h4_typography-text-transform:var(--awb-typography1-text-transform);\">Andr\u00e1s Berndt<\/h4>Diretor T\u00e9cnico<\/div><\/div><div class=\"flip-box-back\"><div class=\"flip-box-back-inner\"><h4 class=\"flip-box-heading-back\" style=\"--h4_typography-font-family:var(--awb-typography1-font-family);--h4_typography-font-weight:var(--awb-typography1-font-weight);--h4_typography-font-style:var(--awb-typography1-font-style);--h4_typography-font-size:30px;--h4_typography-letter-spacing:var(--awb-typography1-letter-spacing);--h4_typography-line-height:var(--awb-typography1-line-height);--h4_typography-text-transform:var(--awb-typography1-text-transform);\">Andr\u00e1s Berndt<\/h4>\n<p class=\"p1\"><b>Clube Atual: <\/b>Cs\u00e1kv\u00e1ri Torna Club<\/p>\n<p class=\"p1\"><b>Clubes Anteriores: <\/b> RTK, RAFC, Budapest Honv\u00e9d, Academia de Futebol H\u00fangara, Academia Pusk\u00e1s Ferenc, Aqvital FC Cs\u00e1kv\u00e1r, M\u00f3ri SE<\/p>\n<p class=\"p1\"><b>Principais T\u00edtulos: <\/b>Pusk\u00e1s Ferenc Football Academy U13 Cordial e Bican cup; Pusk\u00e1s Ferenc Football Academy U14 Nike Premier Cup; Campe\u00f5es da 4.\u00aa divis\u00e3o \u2013 M\u00f3ri SE <\/p>\n<\/div><\/div><\/div><\/div><\/div><div class=\"fusion-flip-box-wrapper fusion-column col-lg-4 col-md-4 col-sm-4\"><div class=\"fusion-flip-box flip-right\" tabindex=\"0\"><div class=\"flip-box-inner-wrapper\"><div class=\"flip-box-front\" style=\"--awb-background-image-front:url(&#039;https:\/\/www.tacticalperiodisation.com\/wp-content\/uploads\/2024\/08\/ATXFCII_20221213_Coach_JG109884-2.jpg&#039;);\"><div class=\"flip-box-front-inner\"><h4 class=\"flip-box-heading\" style=\"--h4_typography-font-family:var(--awb-typography1-font-family);--h4_typography-font-weight:var(--awb-typography1-font-weight);--h4_typography-font-style:var(--awb-typography1-font-style);--h4_typography-font-size:30px;--h4_typography-letter-spacing:var(--awb-typography1-letter-spacing);--h4_typography-line-height:var(--awb-typography1-line-height);--h4_typography-text-transform:var(--awb-typography1-text-transform);\">Brett Uttley<\/h4>Treinador Principal  <\/div><\/div><div class=\"flip-box-back\"><div class=\"flip-box-back-inner\"><h4 class=\"flip-box-heading-back\" style=\"--h4_typography-font-family:var(--awb-typography1-font-family);--h4_typography-font-weight:var(--awb-typography1-font-weight);--h4_typography-font-style:var(--awb-typography1-font-style);--h4_typography-font-size:30px;--h4_typography-letter-spacing:var(--awb-typography1-letter-spacing);--h4_typography-line-height:var(--awb-typography1-line-height);--h4_typography-text-transform:var(--awb-typography1-text-transform);\">Brett Uttley<\/h4>\n<p class=\"p1\"><b>Clube Atual:<\/b> Austin FC \u2013 Major League Soccer<\/p>\n<p class=\"p1\"><b>Clubes Anteriores: <\/b> Seattle Sounders, Houston Dynamo FC, Inter Miami CF<\/p>\n<p class=\"p1\"><b>Principais T\u00edtulos:<\/b> Campe\u00f5es da MLS Next Pro 2023<\/p>\n<\/div><\/div><\/div><\/div><\/div><div class=\"fusion-flip-box-wrapper fusion-column col-lg-4 col-md-4 col-sm-4\"><div class=\"fusion-flip-box flip-right\" tabindex=\"0\"><div class=\"flip-box-inner-wrapper\"><div class=\"flip-box-front\" style=\"--awb-background-image-front:url(&#039;https:\/\/www.tacticalperiodisation.com\/wp-content\/uploads\/2024\/01\/CARLOS-PIMENTEL.jpg&#039;);\"><div class=\"flip-box-front-inner\"><h4 class=\"flip-box-heading\" style=\"--h4_typography-font-family:var(--awb-typography1-font-family);--h4_typography-font-weight:var(--awb-typography1-font-weight);--h4_typography-font-style:var(--awb-typography1-font-style);--h4_typography-font-size:30px;--h4_typography-letter-spacing:var(--awb-typography1-letter-spacing);--h4_typography-line-height:var(--awb-typography1-line-height);--h4_typography-text-transform:var(--awb-typography1-text-transform);\">Carlos Pimentel<\/h4>Treinador Principal  <\/div><\/div><div class=\"flip-box-back\"><div class=\"flip-box-back-inner\"><h4 class=\"flip-box-heading-back\" style=\"--h4_typography-font-family:var(--awb-typography1-font-family);--h4_typography-font-weight:var(--awb-typography1-font-weight);--h4_typography-font-style:var(--awb-typography1-font-style);--h4_typography-font-size:30px;--h4_typography-letter-spacing:var(--awb-typography1-letter-spacing);--h4_typography-line-height:var(--awb-typography1-line-height);--h4_typography-text-transform:var(--awb-typography1-text-transform);\">Carlos Pimentel<\/h4>\n<p class=\"p1\"><b>Clube Atual:<\/b> Ipatinga FC (Brasil)<\/p>\n<p class=\"p1\"><b>Clubes Anteriores: <\/b>Kashiwa Reysol (Jap\u00e3o), Sport Recife; Santos, Corinthians; Ponte Preta; Gua\u00e7uano (Brasil)<\/p>\n<p class=\"p1\"><b>Principais T\u00edtulos: <\/b>Campeonato Paulista do Interior \u2013 Ituano Futebol Clube (Brasil); Campeonato Profissional do Jap\u00e3o \u2013 2014\/2013\/2012 \u2013 Kashiwa Reysol; Liga dos Campe\u00f5es da \u00c1sia 2013 \u2013 Kashiwa Reysol (Jap\u00e3o); Campeonato do Mundo de Clubes da FIFA 2011 \u2013 Kashiwa Reysol; Campeonato Pernambucano \u2013 s\u00e9rie A1- 2009 \u2013 Sport Clube Recife (Brasil)<\/p>\n<\/div><\/div><\/div><\/div><\/div><div class=\"fusion-flip-box-wrapper fusion-column col-lg-4 col-md-4 col-sm-4\"><div class=\"fusion-flip-box flip-right\" tabindex=\"0\"><div class=\"flip-box-inner-wrapper\"><div class=\"flip-box-front\" style=\"--awb-background-image-front:url(&#039;https:\/\/www.tacticalperiodisation.com\/wp-content\/uploads\/2024\/01\/PastedGraphic-1.png&#039;);\"><div class=\"flip-box-front-inner\"><h4 class=\"flip-box-heading\" style=\"--h4_typography-font-family:var(--awb-typography1-font-family);--h4_typography-font-weight:var(--awb-typography1-font-weight);--h4_typography-font-style:var(--awb-typography1-font-style);--h4_typography-font-size:30px;--h4_typography-letter-spacing:var(--awb-typography1-letter-spacing);--h4_typography-line-height:var(--awb-typography1-line-height);--h4_typography-text-transform:var(--awb-typography1-text-transform);\">David Tenney<\/h4>Diretor de Alto Rendimento<\/div><\/div><div class=\"flip-box-back\"><div class=\"flip-box-back-inner\"><h4 class=\"flip-box-heading-back\" style=\"--h4_typography-font-family:var(--awb-typography1-font-family);--h4_typography-font-weight:var(--awb-typography1-font-weight);--h4_typography-font-style:var(--awb-typography1-font-style);--h4_typography-font-size:30px;--h4_typography-letter-spacing:var(--awb-typography1-letter-spacing);--h4_typography-line-height:var(--awb-typography1-line-height);--h4_typography-text-transform:var(--awb-typography1-text-transform);\">David Tenney<\/h4>\n<p class=\"p1\"><b>Clube Atual: <\/b>Austin FC<\/p>\n<p class=\"p1\"><b>Clubes Anteriores: <\/b>Washington Freedom (futebol feminino profissional), Sporting KC, Seattle Sounders, Orlando Magic (NBA)<\/p>\n<p class=\"p1\"><b>Principais T\u00edtulos: <\/b>Campe\u00e3o da MLS Cup \u2014 2016; MLS Supporter\u2019s Shield \u2014 2014; Campe\u00e3o da US Open Cup \u2014 2009, 2010, 2011, 2014;<\/p>\n<\/div><\/div><\/div><\/div><\/div><div class=\"fusion-flip-box-wrapper fusion-column col-lg-4 col-md-4 col-sm-4\"><div class=\"fusion-flip-box flip-right\" tabindex=\"0\"><div class=\"flip-box-inner-wrapper\"><div class=\"flip-box-front\" style=\"--awb-border-size:0px;--awb-border-radius:10px;--awb-title-front-color:var(--awb-color1);--awb-text-front-color:var(--awb-color1);--awb-background-image-front:url(&#039;https:\/\/www.tacticalperiodisation.com\/wp-content\/uploads\/2023\/04\/Eduardo-Barahona-.jpeg&#039;);\"><div class=\"flip-box-front-inner\"><h4 class=\"flip-box-heading\" style=\"--h4_typography-font-family:var(--awb-typography1-font-family);--h4_typography-font-weight:var(--awb-typography1-font-weight);--h4_typography-font-style:var(--awb-typography1-font-style);--h4_typography-font-size:30px;--h4_typography-letter-spacing:var(--awb-typography1-letter-spacing);--h4_typography-line-height:var(--awb-typography1-line-height);--h4_typography-text-transform:var(--awb-typography1-text-transform);\">Eduardo Barahona<\/h4>Treinador Adjunto de Futebol<\/div><\/div><div class=\"flip-box-back\" style=\"--awb-border-size:0px;--awb-border-radius:10px;--awb-background-color-back:hsla(var(--awb-color5-h),calc(var(--awb-color5-s) + 15%),var(--awb-color5-l),var(--awb-color5-a));--awb-title-back-color:var(--awb-color1);--awb-text-back-color:var(--awb-color1);--awb-background-image-back:url(&#039;https:\/\/www.tacticalperiodisation.com\/wp-content\/uploads\/2023\/07\/flipboxes-bg-3.png&#039;);\"><div class=\"flip-box-back-inner\"><h4 class=\"flip-box-heading-back\" style=\"--h4_typography-font-family:var(--awb-typography1-font-family);--h4_typography-font-weight:var(--awb-typography1-font-weight);--h4_typography-font-style:var(--awb-typography1-font-style);--h4_typography-font-size:30px;--h4_typography-letter-spacing:var(--awb-typography1-letter-spacing);--h4_typography-line-height:var(--awb-typography1-line-height);--h4_typography-text-transform:var(--awb-typography1-text-transform);\">Eduardo Barahona<\/h4>\n<p style=\"margin: 20px 30px 20px 30px;\"><strong>Clube Atual:<\/strong> Club de Deportes Antofagasta<br \/>\n<strong>Clubes Anteriores: <\/strong>A.C. Barnechea, Deportes Melipilla, Selecci\u00f3n F\u00fatbol Universidad de Chile, Real Madrid Campus Experience Chile, Selecci\u00f3n F\u00fatbol Universidad San Sebasti\u00e1n (Chile)<br \/>\nEquipo Club Juventus IF (Su\u00e9cia)<\/p>\n<\/div><\/div><\/div><\/div><\/div><div class=\"fusion-flip-box-wrapper fusion-column col-lg-4 col-md-4 col-sm-4\"><div class=\"fusion-flip-box flip-right\" tabindex=\"0\"><div class=\"flip-box-inner-wrapper\"><div class=\"flip-box-front\" style=\"--awb-background-image-front:url(&#039;https:\/\/www.tacticalperiodisation.com\/wp-content\/uploads\/2024\/01\/John-Pascarella35.jpeg&#039;);\"><div class=\"flip-box-front-inner\"><h4 class=\"flip-box-heading\" style=\"--h4_typography-font-family:var(--awb-typography1-font-family);--h4_typography-font-weight:var(--awb-typography1-font-weight);--h4_typography-font-style:var(--awb-typography1-font-style);--h4_typography-font-size:30px;--h4_typography-letter-spacing:var(--awb-typography1-letter-spacing);--h4_typography-line-height:var(--awb-typography1-line-height);--h4_typography-text-transform:var(--awb-typography1-text-transform);\">John Pascarella<\/h4>Treinador Adjunto de Futebol<\/div><\/div><div class=\"flip-box-back\"><div class=\"flip-box-back-inner\"><h4 class=\"flip-box-heading-back\" style=\"--h4_typography-font-family:var(--awb-typography1-font-family);--h4_typography-font-weight:var(--awb-typography1-font-weight);--h4_typography-font-style:var(--awb-typography1-font-style);--h4_typography-font-size:30px;--h4_typography-letter-spacing:var(--awb-typography1-letter-spacing);--h4_typography-line-height:var(--awb-typography1-line-height);--h4_typography-text-transform:var(--awb-typography1-text-transform);\">John Pascarella<\/h4>\n<p class=\"p1\"><b>Clube Atual: <\/b>Forward Madison FC (USL League 1)<\/p>\n<p class=\"p1\"><b>Clubes Anteriores: <\/b>Treinador Adjunto no Sporting Kansas City (MLS); Treinador Principal no Des Moines Menace (USL 2); Treinador Adjunto no Minnesota United (MLS); Treinador Principal no Okc Energy (USL Championship)  <\/p>\n<p class=\"p1\"><b>Principais T\u00edtulos: <\/b>1 Campeonato da MLS com o Sporting KC; 2 Campeonatos da Open Cup<\/p>\n<\/div><\/div><\/div><\/div><\/div><div class=\"fusion-flip-box-wrapper fusion-column col-lg-4 col-md-4 col-sm-4\"><div class=\"fusion-flip-box flip-right\" tabindex=\"0\"><div class=\"flip-box-inner-wrapper\"><div class=\"flip-box-front\" style=\"--awb-background-image-front:url(&#039;https:\/\/www.tacticalperiodisation.com\/wp-content\/uploads\/2024\/01\/1700673945949.jpeg&#039;);\"><div class=\"flip-box-front-inner\"><h4 class=\"flip-box-heading\" style=\"--h4_typography-font-family:var(--awb-typography1-font-family);--h4_typography-font-weight:var(--awb-typography1-font-weight);--h4_typography-font-style:var(--awb-typography1-font-style);--h4_typography-font-size:30px;--h4_typography-letter-spacing:var(--awb-typography1-letter-spacing);--h4_typography-line-height:var(--awb-typography1-line-height);--h4_typography-text-transform:var(--awb-typography1-text-transform);\">Marcelo Santos<\/h4>Treinador Adjunto Principal (Segunda Equipa)<\/div><\/div><div class=\"flip-box-back\"><div class=\"flip-box-back-inner\"><h4 class=\"flip-box-heading-back\" style=\"--h4_typography-font-family:var(--awb-typography1-font-family);--h4_typography-font-weight:var(--awb-typography1-font-weight);--h4_typography-font-style:var(--awb-typography1-font-style);--h4_typography-font-size:30px;--h4_typography-letter-spacing:var(--awb-typography1-letter-spacing);--h4_typography-line-height:var(--awb-typography1-line-height);--h4_typography-text-transform:var(--awb-typography1-text-transform);\">Marcelo Santos<\/h4>\n<p><strong>Clube Atual: <\/strong>New England Revolution: 2018-Presente<\/p>\n<p><strong>Clubes Anteriores: <\/strong>Kokomo Mantis FC, Marquette University, Thunder Bay Chill<\/p>\n<p><strong>Principais T\u00edtulos: <\/strong>2019 \u2013 Campe\u00f5es da Divis\u00e3o Nordeste; 2013 \u2013 Campe\u00f5es do Torneio BIGEAST: 2013 \u2013 Campe\u00f5es da Liga BIGEAST; 2011 \u2013 Campe\u00f5es da Liga BIGEAST; 2008 \u2013 Campe\u00f5es Nacionais da USL PDL;<\/p>\n<\/div><\/div><\/div><\/div><\/div><div class=\"fusion-flip-box-wrapper fusion-column col-lg-4 col-md-4 col-sm-4\"><div class=\"fusion-flip-box flip-right\" tabindex=\"0\"><div class=\"flip-box-inner-wrapper\"><div class=\"flip-box-front\" style=\"--awb-background-image-front:url(&#039;https:\/\/www.tacticalperiodisation.com\/wp-content\/uploads\/2024\/01\/Maykel-Toledo.jpeg&#039;);\"><div class=\"flip-box-front-inner\"><h4 class=\"flip-box-heading\" style=\"--h4_typography-font-family:var(--awb-typography1-font-family);--h4_typography-font-weight:var(--awb-typography1-font-weight);--h4_typography-font-style:var(--awb-typography1-font-style);--h4_typography-font-size:30px;--h4_typography-letter-spacing:var(--awb-typography1-letter-spacing);--h4_typography-line-height:var(--awb-typography1-line-height);--h4_typography-text-transform:var(--awb-typography1-text-transform);\">Maykel De Aysa Toledo<\/h4>Treinador de Futebol<\/div><\/div><div class=\"flip-box-back\"><div class=\"flip-box-back-inner\"><h4 class=\"flip-box-heading-back\" style=\"--h4_typography-font-family:var(--awb-typography1-font-family);--h4_typography-font-weight:var(--awb-typography1-font-weight);--h4_typography-font-style:var(--awb-typography1-font-style);--h4_typography-font-size:30px;--h4_typography-letter-spacing:var(--awb-typography1-letter-spacing);--h4_typography-line-height:var(--awb-typography1-line-height);--h4_typography-text-transform:var(--awb-typography1-text-transform);\">Maykel De Aysa Toledo<\/h4>\n<p><strong>Clube Atual:<\/strong> C.F. Benquerencia<\/p>\n<p><strong>Clubes Anteriores:<\/strong> La Fundaci\u00f3n Real Madrid en Toledo (Sub-19\/Sub-16\/Sub-12), F.C. Pol\u00edgono de Toledo (Sub-19), Atl\u00e9tico de Paguera en Palma de Mallorca (Sub-12)<\/p>\n<p><strong>Principais T\u00edtulos: <\/strong>Qualifica\u00e7\u00e3o para a subida \u00e0 1.<sup>\u00aa<\/sup> divis\u00e3o auton\u00f3mica \u2013 C.F. Benquerencia (22\/23)<\/p>\n<\/div><\/div><\/div><\/div><\/div><div class=\"fusion-flip-box-wrapper fusion-column col-lg-4 col-md-4 col-sm-4\"><div class=\"fusion-flip-box flip-right\" tabindex=\"0\"><div class=\"flip-box-inner-wrapper\"><div class=\"flip-box-front\" style=\"--awb-background-image-front:url(&#039;https:\/\/www.tacticalperiodisation.com\/wp-content\/uploads\/2024\/01\/Foto-ML-1-scaled.jpg&#039;);\"><div class=\"flip-box-front-inner\"><h4 class=\"flip-box-heading\" style=\"--h4_typography-font-family:var(--awb-typography1-font-family);--h4_typography-font-weight:var(--awb-typography1-font-weight);--h4_typography-font-style:var(--awb-typography1-font-style);--h4_typography-font-size:30px;--h4_typography-letter-spacing:var(--awb-typography1-letter-spacing);--h4_typography-line-height:var(--awb-typography1-line-height);--h4_typography-text-transform:var(--awb-typography1-text-transform);\">Monica Ledezma Salse  <\/h4>Treinadora Principal &amp; Antiga Jogadora Profissional<\/div><\/div><div class=\"flip-box-back\"><div class=\"flip-box-back-inner\"><h4 class=\"flip-box-heading-back\" style=\"--h4_typography-font-family:var(--awb-typography1-font-family);--h4_typography-font-weight:var(--awb-typography1-font-weight);--h4_typography-font-style:var(--awb-typography1-font-style);--h4_typography-font-size:30px;--h4_typography-letter-spacing:var(--awb-typography1-letter-spacing);--h4_typography-line-height:var(--awb-typography1-line-height);--h4_typography-text-transform:var(--awb-typography1-text-transform);\">Monica Ledezma Salse  <\/h4>\n<p class=\"p1\"><b>Clube Atual: <\/b>Club de Deportes Cobresal<\/p>\n<p class=\"p1\"><b>Principais T\u00edtulos: <\/b>como jogador, Everton de Vi\u00f1a del Mar, Santiago Morning, Universidad Cat\u00f3lica.<\/p>\n<\/div><\/div><\/div><\/div><\/div><div class=\"fusion-flip-box-wrapper fusion-column col-lg-4 col-md-4 col-sm-4\"><div class=\"fusion-flip-box flip-right\" tabindex=\"0\"><div class=\"flip-box-inner-wrapper\"><div class=\"flip-box-front\" style=\"--awb-background-image-front:url(&#039;https:\/\/www.tacticalperiodisation.com\/wp-content\/uploads\/2024\/01\/Oscar_Mendez-1000x600-1.jpeg&#039;);\"><div class=\"flip-box-front-inner\"><h4 class=\"flip-box-heading\" style=\"--h4_typography-font-family:var(--awb-typography1-font-family);--h4_typography-font-weight:var(--awb-typography1-font-weight);--h4_typography-font-style:var(--awb-typography1-font-style);--h4_typography-font-size:30px;--h4_typography-letter-spacing:var(--awb-typography1-letter-spacing);--h4_typography-line-height:var(--awb-typography1-line-height);--h4_typography-text-transform:var(--awb-typography1-text-transform);\">Oscar M\u00e9ndez<\/h4>  Treinador Principal de Futebol e Preparador F\u00edsico<\/div><\/div><div class=\"flip-box-back\"><div class=\"flip-box-back-inner\"><h4 class=\"flip-box-heading-back\" style=\"--h4_typography-font-family:var(--awb-typography1-font-family);--h4_typography-font-weight:var(--awb-typography1-font-weight);--h4_typography-font-style:var(--awb-typography1-font-style);--h4_typography-font-size:30px;--h4_typography-letter-spacing:var(--awb-typography1-letter-spacing);--h4_typography-line-height:var(--awb-typography1-line-height);--h4_typography-text-transform:var(--awb-typography1-text-transform);\">Oscar M\u00e9ndez<\/h4>\n<p><strong>Clube Atual:<\/strong> Estudiantes del Plata. 4.\u00aa divis\u00e3o. Equipa principal e Sub-20.<br \/>\n<strong>Clubes Anteriores: <\/strong>C.A. Rentistas; C.A. Boston River; Montevideo Wanderers F.C.; Danubio F.C.; Potencia F.C.; Hurac\u00e1n F.C.; Estudiantes del Plata;<br \/>\nC.D. Carnevalli; U.D. Las Palmas; C.D. Doramas; CD Arguineguin; A.D. Hurac\u00e1n; U.D. Tijarafe; C.A. Estrella<br \/>\n<strong>Principais T\u00edtulos:<\/strong><br \/>\nCampe\u00e3o \u2013 C.A. Rentistas Sub-20; C.A. Boston River Sub-20 (2.\u00ba Lugar); C.D. Carnevali Sub-17; U.D. Las Palmas Sub-20; Estrella F.C. Sub-20;<\/p>\n<\/div><\/div><\/div><\/div><\/div><div class=\"fusion-flip-box-wrapper fusion-column col-lg-4 col-md-4 col-sm-4\"><div class=\"fusion-flip-box flip-right\" tabindex=\"0\"><div class=\"flip-box-inner-wrapper\"><div class=\"flip-box-front\" style=\"--awb-background-image-front:url(&#039;https:\/\/www.tacticalperiodisation.com\/wp-content\/uploads\/2024\/01\/1680073702451.jpeg&#039;);\"><div class=\"flip-box-front-inner\"><h4 class=\"flip-box-heading\" style=\"--h4_typography-font-family:var(--awb-typography1-font-family);--h4_typography-font-weight:var(--awb-typography1-font-weight);--h4_typography-font-style:var(--awb-typography1-font-style);--h4_typography-font-size:30px;--h4_typography-letter-spacing:var(--awb-typography1-letter-spacing);--h4_typography-line-height:var(--awb-typography1-line-height);--h4_typography-text-transform:var(--awb-typography1-text-transform);\">Ovidiu Popescu<\/h4>Treinador e Analista de V\u00eddeo<\/div><\/div><div class=\"flip-box-back\"><div class=\"flip-box-back-inner\"><h4 class=\"flip-box-heading-back\" style=\"--h4_typography-font-family:var(--awb-typography1-font-family);--h4_typography-font-weight:var(--awb-typography1-font-weight);--h4_typography-font-style:var(--awb-typography1-font-style);--h4_typography-font-size:30px;--h4_typography-letter-spacing:var(--awb-typography1-letter-spacing);--h4_typography-line-height:var(--awb-typography1-line-height);--h4_typography-text-transform:var(--awb-typography1-text-transform);\">Ovidiu Popescu<\/h4>\n<p class=\"p1\"><b>Clube Atual:<\/b> Treinador Adjunto da Equipa Principal no CSM Resita; Sele\u00e7\u00e3o Nacional Sub-21 da Rom\u00e9nia como Analista de V\u00eddeo\/Jogo<\/p>\n<p class=\"p1\"><b>Clubes Anteriores: <\/b>CSM Resita; Vision Soccer Training Company (Sacramento, Calif\u00f3rnia);<\/p>\n<p class=\"p1\"><b>Principais T\u00edtulos: <\/b>Subida da 3.\u00aa Liga Romena para a 2.\u00aa Liga Romena na \u00e9poca 2022-2023<\/p>\n<\/div><\/div><\/div><\/div><\/div><div class=\"fusion-flip-box-wrapper fusion-column col-lg-4 col-md-4 col-sm-4\"><div class=\"fusion-flip-box flip-right\" tabindex=\"0\"><div class=\"flip-box-inner-wrapper\"><div class=\"flip-box-front\" style=\"--awb-background-image-front:url(&#039;https:\/\/www.tacticalperiodisation.com\/wp-content\/uploads\/2024\/01\/image0.jpeg&#039;);\"><div class=\"flip-box-front-inner\"><h4 class=\"flip-box-heading\" style=\"--h4_typography-font-family:var(--awb-typography1-font-family);--h4_typography-font-weight:var(--awb-typography1-font-weight);--h4_typography-font-style:var(--awb-typography1-font-style);--h4_typography-font-size:30px;--h4_typography-letter-spacing:var(--awb-typography1-letter-spacing);--h4_typography-line-height:var(--awb-typography1-line-height);--h4_typography-text-transform:var(--awb-typography1-text-transform);\">Pablo Di Benedetto<\/h4>Treinador de Rendimento (Segunda Equipa)<\/div><\/div><div class=\"flip-box-back\"><div class=\"flip-box-back-inner\"><h4 class=\"flip-box-heading-back\" style=\"--h4_typography-font-family:var(--awb-typography1-font-family);--h4_typography-font-weight:var(--awb-typography1-font-weight);--h4_typography-font-style:var(--awb-typography1-font-style);--h4_typography-font-size:30px;--h4_typography-letter-spacing:var(--awb-typography1-letter-spacing);--h4_typography-line-height:var(--awb-typography1-line-height);--h4_typography-text-transform:var(--awb-typography1-text-transform);\">Pablo Di Benedetto<\/h4>\n<p class=\"p1\"><span class=\"s1\"><b>Clube Atual: <\/b><\/span><span class=\"s1\">New England Revolution (2021 \u2013 Presente)<\/span><\/p>\n<p class=\"p1\"><span class=\"s1\"><b>Principais T\u00edtulos: <\/b><\/span><span class=\"s1\">Campe\u00e3o da MLS Next Sub-19 2022<\/span><\/p>\n<\/div><\/div><\/div><\/div><\/div><div class=\"fusion-flip-box-wrapper fusion-column col-lg-4 col-md-4 col-sm-4\"><div class=\"fusion-flip-box flip-right\" tabindex=\"0\"><div class=\"flip-box-inner-wrapper\"><div class=\"flip-box-front\" style=\"--awb-background-image-front:url(&#039;https:\/\/www.tacticalperiodisation.com\/wp-content\/uploads\/2024\/01\/Paolo-Ischio-1.jpg&#039;);\"><div class=\"flip-box-front-inner\"><h4 class=\"flip-box-heading\" style=\"--h4_typography-font-family:var(--awb-typography1-font-family);--h4_typography-font-weight:var(--awb-typography1-font-weight);--h4_typography-font-style:var(--awb-typography1-font-style);--h4_typography-font-size:30px;--h4_typography-letter-spacing:var(--awb-typography1-letter-spacing);--h4_typography-line-height:var(--awb-typography1-line-height);--h4_typography-text-transform:var(--awb-typography1-text-transform);\">Paolo Ischio<\/h4>Treinador  <\/div><\/div><div class=\"flip-box-back\"><div class=\"flip-box-back-inner\"><h4 class=\"flip-box-heading-back\" style=\"--h4_typography-font-family:var(--awb-typography1-font-family);--h4_typography-font-weight:var(--awb-typography1-font-weight);--h4_typography-font-style:var(--awb-typography1-font-style);--h4_typography-font-size:30px;--h4_typography-letter-spacing:var(--awb-typography1-letter-spacing);--h4_typography-line-height:var(--awb-typography1-line-height);--h4_typography-text-transform:var(--awb-typography1-text-transform);\">Paolo Ischio<\/h4>\n<p class=\"p1\"><b>Clubes Anteriores: <\/b>Asd S. Giorgio Calcio<\/p>\n<\/div><\/div><\/div><\/div><\/div><div class=\"fusion-flip-box-wrapper fusion-column col-lg-4 col-md-4 col-sm-4\"><div class=\"fusion-flip-box flip-right\" tabindex=\"0\"><div class=\"flip-box-inner-wrapper\"><div class=\"flip-box-front\" style=\"--awb-background-image-front:url(&#039;https:\/\/www.tacticalperiodisation.com\/wp-content\/uploads\/2024\/01\/IMG_2461-1.jpg&#039;);\"><div class=\"flip-box-front-inner\"><h4 class=\"flip-box-heading\" style=\"--h4_typography-font-family:var(--awb-typography1-font-family);--h4_typography-font-weight:var(--awb-typography1-font-weight);--h4_typography-font-style:var(--awb-typography1-font-style);--h4_typography-font-size:30px;--h4_typography-letter-spacing:var(--awb-typography1-letter-spacing);--h4_typography-line-height:var(--awb-typography1-line-height);--h4_typography-text-transform:var(--awb-typography1-text-transform);\">Philippe Bernabo<\/h4>Treinador  <\/div><\/div><div class=\"flip-box-back\"><div class=\"flip-box-back-inner\"><h4 class=\"flip-box-heading-back\" style=\"--h4_typography-font-family:var(--awb-typography1-font-family);--h4_typography-font-weight:var(--awb-typography1-font-weight);--h4_typography-font-style:var(--awb-typography1-font-style);--h4_typography-font-size:30px;--h4_typography-letter-spacing:var(--awb-typography1-letter-spacing);--h4_typography-line-height:var(--awb-typography1-line-height);--h4_typography-text-transform:var(--awb-typography1-text-transform);\">Philippe Bernabo<\/h4>\n<p class=\"p1\"><b>Clube Atual: <\/b>Central Coast Mariners<\/p>\n<p class=\"p1\"><b>Clubes Anteriores: <\/b>Canberra United Academy, Gungahlin United, Majura FC<\/p>\n<\/div><\/div><\/div><\/div><\/div><div class=\"fusion-flip-box-wrapper fusion-column col-lg-4 col-md-4 col-sm-4\"><div class=\"fusion-flip-box flip-right\" tabindex=\"0\"><div class=\"flip-box-inner-wrapper\"><div class=\"flip-box-front\" style=\"--awb-background-image-front:url(&#039;https:\/\/www.tacticalperiodisation.com\/wp-content\/uploads\/2024\/01\/Ricardo-Carvalho-1-scaled.jpg&#039;);\"><div class=\"flip-box-front-inner\"><h4 class=\"flip-box-heading\" style=\"--h4_typography-font-family:var(--awb-typography1-font-family);--h4_typography-font-weight:var(--awb-typography1-font-weight);--h4_typography-font-style:var(--awb-typography1-font-style);--h4_typography-font-size:30px;--h4_typography-letter-spacing:var(--awb-typography1-letter-spacing);--h4_typography-line-height:var(--awb-typography1-line-height);--h4_typography-text-transform:var(--awb-typography1-text-transform);\">Ricardo Carvalho<\/h4>Treinador  <\/div><\/div><div class=\"flip-box-back\"><div class=\"flip-box-back-inner\"><h4 class=\"flip-box-heading-back\" style=\"--h4_typography-font-family:var(--awb-typography1-font-family);--h4_typography-font-weight:var(--awb-typography1-font-weight);--h4_typography-font-style:var(--awb-typography1-font-style);--h4_typography-font-size:30px;--h4_typography-letter-spacing:var(--awb-typography1-letter-spacing);--h4_typography-line-height:var(--awb-typography1-line-height);--h4_typography-text-transform:var(--awb-typography1-text-transform);\">Ricardo Carvalho<\/h4>\n<p class=\"p1\"><b>Clube Atual:<\/b> SC Olhanense<\/p>\n<p class=\"p1\"><b>Clubes Anteriores: <\/b>Chur97<\/p>\n<p class=\"p1\"><\/div><\/div><\/div><\/div><\/div><div class=\"fusion-flip-box-wrapper fusion-column col-lg-4 col-md-4 col-sm-4\"><div class=\"fusion-flip-box flip-right\" tabindex=\"0\"><div class=\"flip-box-inner-wrapper\"><div class=\"flip-box-front\" style=\"--awb-background-image-front:url(&#039;https:\/\/www.tacticalperiodisation.com\/wp-content\/uploads\/2024\/01\/Foto-Campo-2-Ruben-Jose-Ribeiro-Santos.jpg.jpeg&#039;);\"><div class=\"flip-box-front-inner\"><h4 class=\"flip-box-heading\" style=\"--h4_typography-font-family:var(--awb-typography1-font-family);--h4_typography-font-weight:var(--awb-typography1-font-weight);--h4_typography-font-style:var(--awb-typography1-font-style);--h4_typography-font-size:30px;--h4_typography-letter-spacing:var(--awb-typography1-letter-spacing);--h4_typography-line-height:var(--awb-typography1-line-height);--h4_typography-text-transform:var(--awb-typography1-text-transform);\">Ruben Santos<\/h4>Treinador Adjunto\/Preparador F\u00edsico<\/div><\/div><div class=\"flip-box-back\"><div class=\"flip-box-back-inner\"><h4 class=\"flip-box-heading-back\" style=\"--h4_typography-font-family:var(--awb-typography1-font-family);--h4_typography-font-weight:var(--awb-typography1-font-weight);--h4_typography-font-style:var(--awb-typography1-font-style);--h4_typography-font-size:30px;--h4_typography-letter-spacing:var(--awb-typography1-letter-spacing);--h4_typography-line-height:var(--awb-typography1-line-height);--h4_typography-text-transform:var(--awb-typography1-text-transform);\">Ruben Santos<\/h4>\n<p><strong>Clubes Anteriores: <\/strong>S.C.U. Torreense; C.D.C. Montalegre; A.D. Grij\u00f3; Dragon Force;<\/p>\n<p><strong>Principais T\u00edtulos: <\/strong>\u00c9poca 2021\/2022 S.C.U. Torreense \u2013 Campe\u00e3o Nacional Liga 3 \/ Subida \u00e0 Liga 2 SABSEG; \u00c9poca 2020\/2021 C.D.C. Montalegre \u2013 Subida \u00e0 Liga 3; \u00c9poca 2018\/2019 A.D. Grij\u00f3 S19 \u2013 Vice-Campe\u00e3o Distrital S19<\/p>\n<\/div><\/div><\/div><\/div><\/div><div class=\"fusion-flip-box-wrapper fusion-column col-lg-4 col-md-4 col-sm-4\"><div class=\"fusion-flip-box flip-right\" tabindex=\"0\"><div class=\"flip-box-inner-wrapper\"><div class=\"flip-box-front\" style=\"--awb-background-image-front:url(&#039;https:\/\/www.tacticalperiodisation.com\/wp-content\/uploads\/2024\/01\/Captura-de-Ecra-92.png&#039;);\"><div class=\"flip-box-front-inner\"><h4 class=\"flip-box-heading\" style=\"--h4_typography-font-family:var(--awb-typography1-font-family);--h4_typography-font-weight:var(--awb-typography1-font-weight);--h4_typography-font-style:var(--awb-typography1-font-style);--h4_typography-font-size:30px;--h4_typography-letter-spacing:var(--awb-typography1-letter-spacing);--h4_typography-line-height:var(--awb-typography1-line-height);--h4_typography-text-transform:var(--awb-typography1-text-transform);\">Rui Lemos<\/h4>Fisiologista<\/div><\/div><div class=\"flip-box-back\"><div class=\"flip-box-back-inner\"><h4 class=\"flip-box-heading-back\" style=\"--h4_typography-font-family:var(--awb-typography1-font-family);--h4_typography-font-weight:var(--awb-typography1-font-weight);--h4_typography-font-style:var(--awb-typography1-font-style);--h4_typography-font-size:30px;--h4_typography-letter-spacing:var(--awb-typography1-letter-spacing);--h4_typography-line-height:var(--awb-typography1-line-height);--h4_typography-text-transform:var(--awb-typography1-text-transform);\">Rui Lemos<\/h4>\n<p><strong>Clube Atual: <\/strong>Sporting Clube de Braga A<br \/>\n<strong>Clubes Anteriores:<\/strong> SC Braga (sub-17; sub-19; Equipa B)<br \/>\n<strong>Principais T\u00edtulos:<\/strong> Ta\u00e7a da Liga 2019\/2020; Ta\u00e7a de Portugal 2020\/2021<\/p>\n<\/div><\/div><\/div><\/div><\/div><div class=\"fusion-flip-box-wrapper fusion-column col-lg-4 col-md-4 col-sm-4\"><div class=\"fusion-flip-box flip-right\" tabindex=\"0\"><div class=\"flip-box-inner-wrapper\"><div class=\"flip-box-front\" style=\"--awb-background-image-front:url(&#039;https:\/\/www.tacticalperiodisation.com\/wp-content\/uploads\/2024\/01\/T-Louzeiro.jpg&#039;);\"><div class=\"flip-box-front-inner\"><h4 class=\"flip-box-heading\" style=\"--h4_typography-font-family:var(--awb-typography1-font-family);--h4_typography-font-weight:var(--awb-typography1-font-weight);--h4_typography-font-style:var(--awb-typography1-font-style);--h4_typography-font-size:30px;--h4_typography-letter-spacing:var(--awb-typography1-letter-spacing);--h4_typography-line-height:var(--awb-typography1-line-height);--h4_typography-text-transform:var(--awb-typography1-text-transform);\">Tiago Louzeiro<\/h4>Treinador Adjunto de Futebol<\/div><\/div><div class=\"flip-box-back\"><div class=\"flip-box-back-inner\"><h4 class=\"flip-box-heading-back\" style=\"--h4_typography-font-family:var(--awb-typography1-font-family);--h4_typography-font-weight:var(--awb-typography1-font-weight);--h4_typography-font-style:var(--awb-typography1-font-style);--h4_typography-font-size:30px;--h4_typography-letter-spacing:var(--awb-typography1-letter-spacing);--h4_typography-line-height:var(--awb-typography1-line-height);--h4_typography-text-transform:var(--awb-typography1-text-transform);\">Tiago Louzeiro<\/h4>\n<p class=\"p1\"><b>Clube Atual:<\/b> Rio Ave FC<\/p>\n<p class=\"p1\"><b>Clubes Anteriores: <\/b>C.D. Nacional da Madeira; Estoril Praia SAD; Clube Desportivo de Mafra; Clube Atl\u00e9tico P\u00earo Pinheiro; G.D.U. Ericeirense;<\/p>\n<p class=\"p1\"><b>Principais T\u00edtulos: <\/b>Campe\u00e3o da Segunda Liga Portuguesa- (2019\/2020 e 2021\/2022); Campe\u00e3o do Campeonato de Portugal- (2017\/2018); Campe\u00e3o da Associa\u00e7\u00e3o Distrital de Lisboa: ProNacional \u2013 2016\/2017; Divis\u00e3o de Honra -2015\/2016<\/p>\n<\/div><\/div><\/div><\/div><\/div><div class=\"fusion-flip-box-wrapper fusion-column col-lg-4 col-md-4 col-sm-4\"><div class=\"fusion-flip-box flip-right\" tabindex=\"0\"><div class=\"flip-box-inner-wrapper\"><div class=\"flip-box-front\" style=\"--awb-border-size:0px;--awb-border-radius:10px;--awb-title-front-color:var(--awb-color1);--awb-text-front-color:var(--awb-color1);--awb-background-image-front:url(&#039;https:\/\/www.tacticalperiodisation.com\/wp-content\/uploads\/2024\/01\/1660137143396.jpeg&#039;);\"><div class=\"flip-box-front-inner\"><h4 class=\"flip-box-heading\" style=\"--h4_typography-font-family:var(--awb-typography1-font-family);--h4_typography-font-weight:var(--awb-typography1-font-weight);--h4_typography-font-style:var(--awb-typography1-font-style);--h4_typography-font-size:30px;--h4_typography-letter-spacing:var(--awb-typography1-letter-spacing);--h4_typography-line-height:var(--awb-typography1-line-height);--h4_typography-text-transform:var(--awb-typography1-text-transform);\">Tiago Xavier Oliveira<\/h4>Treinador Principal de Futebol e Treinador Adjunto de Futebol<\/div><\/div><div class=\"flip-box-back\" style=\"--awb-border-size:0px;--awb-border-radius:10px;--awb-background-color-back:hsla(var(--awb-color5-h),calc(var(--awb-color5-s) + 15%),var(--awb-color5-l),var(--awb-color5-a));--awb-title-back-color:var(--awb-color1);--awb-text-back-color:var(--awb-color1);--awb-background-image-back:url(&#039;https:\/\/www.tacticalperiodisation.com\/wp-content\/uploads\/2023\/07\/flipboxes-bg-3.png&#039;);\"><div class=\"flip-box-back-inner\"><h4 class=\"flip-box-heading-back\" style=\"--h4_typography-font-family:var(--awb-typography1-font-family);--h4_typography-font-weight:var(--awb-typography1-font-weight);--h4_typography-font-style:var(--awb-typography1-font-style);--h4_typography-font-size:30px;--h4_typography-letter-spacing:var(--awb-typography1-letter-spacing);--h4_typography-line-height:var(--awb-typography1-line-height);--h4_typography-text-transform:var(--awb-typography1-text-transform);\">Tiago Xavier Oliveira<\/h4>\n<p style=\"margin: 20px 30px 20px 30px;\"><strong>Clube Atual:<\/strong> RFC Seraing (B\u00e9lgica)<br \/>\n<strong>Clubes Anteriores: <\/strong>SAG Cestas (Fran\u00e7a) e CS Portugais (Fran\u00e7a)<\/p>\n<\/div><\/div><\/div><\/div><\/div><div class=\"fusion-flip-box-wrapper fusion-column col-lg-4 col-md-4 col-sm-4\"><div class=\"fusion-flip-box flip-right\" tabindex=\"0\"><div class=\"flip-box-inner-wrapper\"><div class=\"flip-box-front\" style=\"--awb-background-image-front:url(&#039;https:\/\/www.tacticalperiodisation.com\/wp-content\/uploads\/2024\/01\/261381137_10159864937813921_2038145778595608206_n-1.jpg&#039;);\"><div class=\"flip-box-front-inner\"><h4 class=\"flip-box-heading\" style=\"--h4_typography-font-family:var(--awb-typography1-font-family);--h4_typography-font-weight:var(--awb-typography1-font-weight);--h4_typography-font-style:var(--awb-typography1-font-style);--h4_typography-font-size:30px;--h4_typography-letter-spacing:var(--awb-typography1-letter-spacing);--h4_typography-line-height:var(--awb-typography1-line-height);--h4_typography-text-transform:var(--awb-typography1-text-transform);\">Thierry Pinot<\/h4>Treinador de Futebol<\/div><\/div><div class=\"flip-box-back\"><div class=\"flip-box-back-inner\"><h4 class=\"flip-box-heading-back\" style=\"--h4_typography-font-family:var(--awb-typography1-font-family);--h4_typography-font-weight:var(--awb-typography1-font-weight);--h4_typography-font-style:var(--awb-typography1-font-style);--h4_typography-font-size:30px;--h4_typography-letter-spacing:var(--awb-typography1-letter-spacing);--h4_typography-line-height:var(--awb-typography1-line-height);--h4_typography-text-transform:var(--awb-typography1-text-transform);\">Thierry Pinot<\/h4>\n<div><strong>Clube Atual:<\/strong> Pau FC<\/div>\n<div><strong>Clube Anterior:<\/strong> Stade Montois Football<\/div>\n<\/div><\/div><\/div><\/div><\/div><div class=\"fusion-flip-box-wrapper fusion-column col-lg-4 col-md-4 col-sm-4\"><div class=\"fusion-flip-box flip-right\" tabindex=\"0\"><div class=\"flip-box-inner-wrapper\"><div class=\"flip-box-front\" style=\"--awb-background-image-front:url(&#039;https:\/\/www.tacticalperiodisation.com\/wp-content\/uploads\/2024\/01\/MV5BNjA1M2ZkMzItMzI0NC00ZDRkLWE4MTgtYzBmYjk4ZTQ3OTExXkEyXkFqcGdeQXVyNTMwMDM2ODM@._V1_.jpg&#039;);\"><div class=\"flip-box-front-inner\"><h4 class=\"flip-box-heading\" style=\"--h4_typography-font-family:var(--awb-typography1-font-family);--h4_typography-font-weight:var(--awb-typography1-font-weight);--h4_typography-font-style:var(--awb-typography1-font-style);--h4_typography-font-size:30px;--h4_typography-letter-spacing:var(--awb-typography1-letter-spacing);--h4_typography-line-height:var(--awb-typography1-line-height);--h4_typography-text-transform:var(--awb-typography1-text-transform);\">Tim Kalkhof<\/h4>Treinador Principal  <\/div><\/div><div class=\"flip-box-back\"><div class=\"flip-box-back-inner\"><h4 class=\"flip-box-heading-back\" style=\"--h4_typography-font-family:var(--awb-typography1-font-family);--h4_typography-font-weight:var(--awb-typography1-font-weight);--h4_typography-font-style:var(--awb-typography1-font-style);--h4_typography-font-size:30px;--h4_typography-letter-spacing:var(--awb-typography1-letter-spacing);--h4_typography-line-height:var(--awb-typography1-line-height);--h4_typography-text-transform:var(--awb-typography1-text-transform);\">Tim Kalkhof<\/h4>\n<p class=\"p1\"><b>Clube Atual: <\/b>U18 Empor Berlin<\/p>\n<p class=\"p1\"><b>Clubes Anteriores: <\/b>U14 e U18 SV Empor Berlin<\/p>\n<\/div><\/div><\/div><\/div><\/div><div class=\"fusion-flip-box-wrapper fusion-column col-lg-4 col-md-4 col-sm-4\"><div class=\"fusion-flip-box flip-right\" tabindex=\"0\"><div class=\"flip-box-inner-wrapper\"><div class=\"flip-box-front\" style=\"--awb-background-image-front:url(&#039;https:\/\/www.tacticalperiodisation.com\/wp-content\/uploads\/2024\/01\/Tim-Stegmann-400x399-1.jpeg&#039;);\"><div class=\"flip-box-front-inner\"><h4 class=\"flip-box-heading\" style=\"--h4_typography-font-family:var(--awb-typography1-font-family);--h4_typography-font-weight:var(--awb-typography1-font-weight);--h4_typography-font-style:var(--awb-typography1-font-style);--h4_typography-font-size:30px;--h4_typography-letter-spacing:var(--awb-typography1-letter-spacing);--h4_typography-line-height:var(--awb-typography1-line-height);--h4_typography-text-transform:var(--awb-typography1-text-transform);\">Tim Stegmann<\/h4>Treinador e Formador de Treinadores na Associa\u00e7\u00e3o de Futebol de Hamburgo<\/div><\/div><div class=\"flip-box-back\"><div class=\"flip-box-back-inner\"><h4 class=\"flip-box-heading-back\" style=\"--h4_typography-font-family:var(--awb-typography1-font-family);--h4_typography-font-weight:var(--awb-typography1-font-weight);--h4_typography-font-style:var(--awb-typography1-font-style);--h4_typography-font-size:30px;--h4_typography-letter-spacing:var(--awb-typography1-letter-spacing);--h4_typography-line-height:var(--awb-typography1-line-height);--h4_typography-text-transform:var(--awb-typography1-text-transform);\">Tim Stegmann<\/h4>\n<p><strong>Clube Atual:<\/strong> Hamburger Fu\u00dfball-Verband<br \/>\n<strong>Clubes Anteriores:<\/strong> W\u00fcrzburger Kickers (3.\u00aa Divis\u00e3o, Treinador Adjunto), Academia de Forma\u00e7\u00e3o do VfL Wolfsburg (v\u00e1rios cargos)<\/p>\n<\/div><\/div><\/div><\/div><\/div><div class=\"fusion-flip-box-wrapper fusion-column col-lg-4 col-md-4 col-sm-4\"><div class=\"fusion-flip-box flip-right\" tabindex=\"0\"><div class=\"flip-box-inner-wrapper\"><div class=\"flip-box-front\" style=\"--awb-background-image-front:url(&#039;https:\/\/www.tacticalperiodisation.com\/wp-content\/uploads\/2024\/01\/IMG_3167-scaled.jpg&#039;);\"><div class=\"flip-box-front-inner\"><h4 class=\"flip-box-heading\" style=\"--h4_typography-font-family:var(--awb-typography1-font-family);--h4_typography-font-weight:var(--awb-typography1-font-weight);--h4_typography-font-style:var(--awb-typography1-font-style);--h4_typography-font-size:30px;--h4_typography-letter-spacing:var(--awb-typography1-letter-spacing);--h4_typography-line-height:var(--awb-typography1-line-height);--h4_typography-text-transform:var(--awb-typography1-text-transform);\">Tom Williams<\/h4>Respons\u00e1vel de Rendimento &amp; Ci\u00eancias do Desporto  <\/div><\/div><div class=\"flip-box-back\"><div class=\"flip-box-back-inner\"><h4 class=\"flip-box-heading-back\" style=\"--h4_typography-font-family:var(--awb-typography1-font-family);--h4_typography-font-weight:var(--awb-typography1-font-weight);--h4_typography-font-style:var(--awb-typography1-font-style);--h4_typography-font-size:30px;--h4_typography-letter-spacing:var(--awb-typography1-letter-spacing);--h4_typography-line-height:var(--awb-typography1-line-height);--h4_typography-text-transform:var(--awb-typography1-text-transform);\">Tom Williams<\/h4>\n<p class=\"p1\"><b>Clube Atual: <\/b>LA Galaxy<\/p>\n<p class=\"p1\"><b>Clubes Anteriores:<\/b> LA Galaxy, Toronto FC, Leicester City FC, Sheffield United FC, Mansfield Town FC<\/p>\n<p class=\"p1\"><b>Principais T\u00edtulos: <\/b>Football League Championship- 2014, Premier League 2016, Confer\u00eancia Este da MLS 2016, 2017, 2019, MLS Cup 2017, MLS Supporters Shield 2017, Campeonato Canadiano (Voyagers Cup) 2016, 2017, 2019, 2020.<\/p>\n<\/div><\/div><\/div><\/div><\/div><div class=\"fusion-flip-box-wrapper fusion-column col-lg-4 col-md-4 col-sm-4\"><div class=\"fusion-flip-box flip-right\" tabindex=\"0\"><div class=\"flip-box-inner-wrapper\"><div class=\"flip-box-front\" style=\"--awb-background-image-front:url(&#039;https:\/\/www.tacticalperiodisation.com\/wp-content\/uploads\/2024\/01\/Toru-Ota-scaled-e1683279363127-400x462-1.jpeg&#039;);\"><div class=\"flip-box-front-inner\"><h4 class=\"flip-box-heading\" style=\"--h4_typography-font-family:var(--awb-typography1-font-family);--h4_typography-font-weight:var(--awb-typography1-font-weight);--h4_typography-font-style:var(--awb-typography1-font-style);--h4_typography-font-size:30px;--h4_typography-letter-spacing:var(--awb-typography1-letter-spacing);--h4_typography-line-height:var(--awb-typography1-line-height);--h4_typography-text-transform:var(--awb-typography1-text-transform);\">Toru Ota<\/h4>  Treinador Adjunto de Futebol<\/div><\/div><div class=\"flip-box-back\"><div class=\"flip-box-back-inner\"><h4 class=\"flip-box-heading-back\" style=\"--h4_typography-font-family:var(--awb-typography1-font-family);--h4_typography-font-weight:var(--awb-typography1-font-weight);--h4_typography-font-style:var(--awb-typography1-font-style);--h4_typography-font-size:30px;--h4_typography-letter-spacing:var(--awb-typography1-letter-spacing);--h4_typography-line-height:var(--awb-typography1-line-height);--h4_typography-text-transform:var(--awb-typography1-text-transform);\">Toru Ota<\/h4>\n<p><strong>Clube Atual:<\/strong> FC Nantes (Ligue 1, Liga Profissional Francesa)<br \/>\n<strong>Clubes Anteriores:<\/strong> Toulouse FC (Ligue 1), PSG (equipa profissional feminina), Olympique Lyonnais (equipa profissional feminina)<br \/>\n<strong>Principais T\u00edtulos: <\/strong>Ta\u00e7a de Fran\u00e7a (2022 \u2013 FC Nantes) e UEFA Women\u2019s Champions League (2011, 2012 e 2016 \u2013 Olympique Lyonnais)<\/p>\n<\/div><\/div><\/div><\/div><\/div><div class=\"fusion-flip-box-wrapper fusion-column col-lg-4 col-md-4 col-sm-4\"><div class=\"fusion-flip-box flip-right\" tabindex=\"0\"><div class=\"flip-box-inner-wrapper\"><div class=\"flip-box-front\" style=\"--awb-background-image-front:url(&#039;https:\/\/www.tacticalperiodisation.com\/wp-content\/uploads\/2024\/01\/Vitor-Neves.jpg&#039;);\"><div class=\"flip-box-front-inner\"><h4 class=\"flip-box-heading\" style=\"--h4_typography-font-family:var(--awb-typography1-font-family);--h4_typography-font-weight:var(--awb-typography1-font-weight);--h4_typography-font-style:var(--awb-typography1-font-style);--h4_typography-font-size:30px;--h4_typography-letter-spacing:var(--awb-typography1-letter-spacing);--h4_typography-line-height:var(--awb-typography1-line-height);--h4_typography-text-transform:var(--awb-typography1-text-transform);\">  Vitor Ferreira Neves<\/h4>Diretor T\u00e9cnico da Forma\u00e7\u00e3o do Nanling Tielang<\/div><\/div><div class=\"flip-box-back\"><div class=\"flip-box-back-inner\"><h4 class=\"flip-box-heading-back\" style=\"--h4_typography-font-family:var(--awb-typography1-font-family);--h4_typography-font-weight:var(--awb-typography1-font-weight);--h4_typography-font-style:var(--awb-typography1-font-style);--h4_typography-font-size:30px;--h4_typography-letter-spacing:var(--awb-typography1-letter-spacing);--h4_typography-line-height:var(--awb-typography1-line-height);--h4_typography-text-transform:var(--awb-typography1-text-transform);\">  Vitor Ferreira Neves<\/h4>\n<p><b>Clube Atual:<\/b>Nanling Tielang \u2013 Shenzhen, China<\/p>\n<p><b>Clubes Anteriores:<\/b> Power Lions FC, Lanmor FC, SE Gama, Club Atl\u00e9tico Boca Juniors, Euro FC, Boavista F.C., Tetra Brazil, Clube Atlhetico Paranaense Escola Furac\u00e3o, S\u00e3o Paulo Futebol Clube, Ol\u00e9 Futebol<\/p>\n<p style=\"font-weight: 400;\"><span style=\"font-weight: 400;\"><strong>Principais T\u00edtulos:<\/strong><\/span>1.<sup>\u00ba<\/sup> lugar na Joma Cup Sub-11 e Sub-12 \u2013 Shenzhen, China. 1.<sup>\u00ba<\/sup> lugar na Joma League Sub-11 \u2013 Shenzhen, China. (2021), 1.<sup>\u00ba<\/sup><b> <\/b>lugar no GB Tournament Sub-12 \u2013 Shenzhen, China. (2022), 1.<sup>\u00ba<\/sup><b> <\/b>Shenzhen Elite Youth Football League Sub-12 \u2013 Shenzhen, China (2023)<\/p>\n<p>&nbsp;<\/p>\n<\/div><\/div><\/div><\/div><\/div><div class=\"fusion-flip-box-wrapper fusion-column col-lg-4 col-md-4 col-sm-4\"><div class=\"fusion-flip-box flip-right\" tabindex=\"0\"><div class=\"flip-box-inner-wrapper\"><div class=\"flip-box-front\" style=\"--awb-background-image-front:url(&#039;https:\/\/www.tacticalperiodisation.com\/wp-content\/uploads\/2024\/01\/IMG_4831.jpg&#039;);\"><div class=\"flip-box-front-inner\"><h4 class=\"flip-box-heading\" style=\"--h4_typography-font-family:var(--awb-typography1-font-family);--h4_typography-font-weight:var(--awb-typography1-font-weight);--h4_typography-font-style:var(--awb-typography1-font-style);--h4_typography-font-size:30px;--h4_typography-letter-spacing:var(--awb-typography1-letter-spacing);--h4_typography-line-height:var(--awb-typography1-line-height);--h4_typography-text-transform:var(--awb-typography1-text-transform);\">Y\u0131lmaz \u015eahin<\/h4>Treinador Principal  <\/div><\/div><div class=\"flip-box-back\"><div class=\"flip-box-back-inner\"><h4 class=\"flip-box-heading-back\" style=\"--h4_typography-font-family:var(--awb-typography1-font-family);--h4_typography-font-weight:var(--awb-typography1-font-weight);--h4_typography-font-style:var(--awb-typography1-font-style);--h4_typography-font-size:30px;--h4_typography-letter-spacing:var(--awb-typography1-letter-spacing);--h4_typography-line-height:var(--awb-typography1-line-height);--h4_typography-text-transform:var(--awb-typography1-text-transform);\">Y\u0131lmaz \u015eahin<\/h4>\n<p class=\"p1\"><b>Clube Atual: <\/b>JK Tallinna Kalev (U21 Esiliiga), Est\u00f3nia<\/p>\n<p class=\"p1\"><b>Clubes Anteriores: <\/b>Raplamaa JK, Est\u00f3nia, Vila Real, \u201cEquipa feminina 2.\u00aa divis\u00e3o\u201d Portugal, V\u00e4ndra Vaprus (Esiliiga) Est\u00f3nia<\/p>\n<p class=\"p1\"><b>Principais T\u00edtulos: <\/b>Treinador Entusiasta de 2022, Eesti Kultuurkapital. Est\u00f3nia<\/p>\n<\/div><\/div><\/div><\/div><\/div><div class=\"fusion-flip-box-wrapper fusion-column col-lg-4 col-md-4 col-sm-4\"><div class=\"fusion-flip-box flip-right\" tabindex=\"0\"><div class=\"flip-box-inner-wrapper\"><div class=\"flip-box-front\" style=\"--awb-background-image-front:url(&#039;https:\/\/www.tacticalperiodisation.com\/wp-content\/uploads\/2024\/01\/PHOTO-2024-01-29-11-51-28.jpg&#039;);\"><div class=\"flip-box-front-inner\"><h4 class=\"flip-box-heading\" style=\"--h4_typography-font-family:var(--awb-typography1-font-family);--h4_typography-font-weight:var(--awb-typography1-font-weight);--h4_typography-font-style:var(--awb-typography1-font-style);--h4_typography-font-size:30px;--h4_typography-letter-spacing:var(--awb-typography1-letter-spacing);--h4_typography-line-height:var(--awb-typography1-line-height);--h4_typography-text-transform:var(--awb-typography1-text-transform);\">Aldo D\u00edaz Silva<\/h4>Treinador e Fisiologista<\/div><\/div><div class=\"flip-box-back\"><div class=\"flip-box-back-inner\"><h4 class=\"flip-box-heading-back\" style=\"--h4_typography-font-family:var(--awb-typography1-font-family);--h4_typography-font-weight:var(--awb-typography1-font-weight);--h4_typography-font-style:var(--awb-typography1-font-style);--h4_typography-font-size:30px;--h4_typography-letter-spacing:var(--awb-typography1-letter-spacing);--h4_typography-line-height:var(--awb-typography1-line-height);--h4_typography-text-transform:var(--awb-typography1-text-transform);\">Aldo D\u00edaz Silva<\/h4>\n<p><strong>Clubes Anteriores: <\/strong><span class=\"s1\">Club de Deportes Santiago Morning (Chile) \u2013 Club Social y Deportivo Lautaro de Buin (Chile). Ambos como Treinador de Futebol de Forma\u00e7\u00e3o. <\/span><\/p>\n<\/div><\/div><\/div><\/div><\/div><div class=\"fusion-flip-box-wrapper fusion-column col-lg-4 col-md-4 col-sm-4\"><div class=\"fusion-flip-box flip-right\" tabindex=\"0\"><div class=\"flip-box-inner-wrapper\"><div class=\"flip-box-front\" style=\"--awb-background-image-front:url(&#039;https:\/\/www.tacticalperiodisation.com\/wp-content\/uploads\/2024\/02\/gonzalo_2.jpeg&#039;);\"><div class=\"flip-box-front-inner\"><h4 class=\"flip-box-heading\" style=\"--h4_typography-font-family:var(--awb-typography1-font-family);--h4_typography-font-weight:var(--awb-typography1-font-weight);--h4_typography-font-style:var(--awb-typography1-font-style);--h4_typography-font-size:30px;--h4_typography-letter-spacing:var(--awb-typography1-letter-spacing);--h4_typography-line-height:var(--awb-typography1-line-height);--h4_typography-text-transform:var(--awb-typography1-text-transform);\">Gonzalo Obando<\/h4>Treinador Principal  <\/div><\/div><div class=\"flip-box-back\"><div class=\"flip-box-back-inner\"><h4 class=\"flip-box-heading-back\" style=\"--h4_typography-font-family:var(--awb-typography1-font-family);--h4_typography-font-weight:var(--awb-typography1-font-weight);--h4_typography-font-style:var(--awb-typography1-font-style);--h4_typography-font-size:30px;--h4_typography-letter-spacing:var(--awb-typography1-letter-spacing);--h4_typography-line-height:var(--awb-typography1-line-height);--h4_typography-text-transform:var(--awb-typography1-text-transform);\">Gonzalo Obando<\/h4>\n<p><strong>Clube Atual: <\/strong>Colorado Rapids Youth Club<\/p>\n<p><strong>Clubes Anteriores: <\/strong>Real Colorado Academy<\/p>\n<\/div><\/div><\/div><\/div><\/div><div class=\"fusion-flip-box-wrapper fusion-column col-lg-4 col-md-4 col-sm-4\"><div class=\"fusion-flip-box flip-right\" tabindex=\"0\"><div class=\"flip-box-inner-wrapper\"><div class=\"flip-box-front\" style=\"--awb-background-image-front:url(&#039;https:\/\/www.tacticalperiodisation.com\/wp-content\/uploads\/2024\/02\/image0-1.jpeg&#039;);\"><div class=\"flip-box-front-inner\"><h4 class=\"flip-box-heading\" style=\"--h4_typography-font-family:var(--awb-typography1-font-family);--h4_typography-font-weight:var(--awb-typography1-font-weight);--h4_typography-font-style:var(--awb-typography1-font-style);--h4_typography-font-size:30px;--h4_typography-letter-spacing:var(--awb-typography1-letter-spacing);--h4_typography-line-height:var(--awb-typography1-line-height);--h4_typography-text-transform:var(--awb-typography1-text-transform);\">Mihail Tzokov<\/h4>Treinador Adjunto de Futebol<\/div><\/div><div class=\"flip-box-back\"><div class=\"flip-box-back-inner\"><h4 class=\"flip-box-heading-back\" style=\"--h4_typography-font-family:var(--awb-typography1-font-family);--h4_typography-font-weight:var(--awb-typography1-font-weight);--h4_typography-font-style:var(--awb-typography1-font-style);--h4_typography-font-size:30px;--h4_typography-letter-spacing:var(--awb-typography1-letter-spacing);--h4_typography-line-height:var(--awb-typography1-line-height);--h4_typography-text-transform:var(--awb-typography1-text-transform);\">Mihail Tzokov<\/h4>\n<p><strong>Clube atual:<\/strong> FC Spartak Varna<\/p>\n<p><strong>Clubes anteriores:<\/strong> KF Vllaznia, FC CSKA 1948, FC Vitosha, PFC Montana<\/p>\n<p><strong>Principais t\u00edtulos:<\/strong> Campe\u00e3o da Ta\u00e7a da Alb\u00e2nia 2021-2022; Campe\u00e3o da Segunda Liga de Futebol Profissional 2019-2020; Campe\u00e3o da Terceira Liga de Futebol Amador 2017-2018<\/p>\n<p>&nbsp;<\/p>\n<\/div><\/div><\/div><\/div><\/div><\/div><\/div><\/div><\/div><\/div><div class=\"fusion-fullwidth fullwidth-box fusion-builder-row-2 fusion-flex-container has-pattern-background has-mask-background nonhundred-percent-fullwidth non-hundred-percent-height-scrolling\" style=\"--awb-border-radius-top-left:0px;--awb-border-radius-top-right:0px;--awb-border-radius-bottom-right:0px;--awb-border-radius-bottom-left:0px;--awb-flex-wrap:wrap;\" ><div class=\"fusion-builder-row fusion-row fusion-flex-align-items-flex-start fusion-flex-content-wrap\" style=\"max-width:1332.24px;margin-left: calc(-4% \/ 2 );margin-right: calc(-4% \/ 2 );\"><\/div><\/div><\/p>\n","protected":false},"excerpt":{"rendered":"","protected":false},"author":1,"featured_media":0,"parent":0,"menu_order":0,"comment_status":"closed","ping_status":"closed","template":"","meta":{"_joinchat":[],"footnotes":""},"class_list":["post-9691","page","type-page","status-publish","hentry"],"aioseo_notices":[],"_links":{"self":[{"href":"https:\/\/www.tacticalperiodisation.com\/pt\/wp-json\/wp\/v2\/pages\/9691","targetHints":{"allow":["GET"]}}],"collection":[{"href":"https:\/\/www.tacticalperiodisation.com\/pt\/wp-json\/wp\/v2\/pages"}],"about":[{"href":"https:\/\/www.tacticalperiodisation.com\/pt\/wp-json\/wp\/v2\/types\/page"}],"author":[{"embeddable":true,"href":"https:\/\/www.tacticalperiodisation.com\/pt\/wp-json\/wp\/v2\/users\/1"}],"replies":[{"embeddable":true,"href":"https:\/\/www.tacticalperiodisation.com\/pt\/wp-json\/wp\/v2\/comments?post=9691"}],"version-history":[{"count":2,"href":"https:\/\/www.tacticalperiodisation.com\/pt\/wp-json\/wp\/v2\/pages\/9691\/revisions"}],"predecessor-version":[{"id":9710,"href":"https:\/\/www.tacticalperiodisation.com\/pt\/wp-json\/wp\/v2\/pages\/9691\/revisions\/9710"}],"wp:attachment":[{"href":"https:\/\/www.tacticalperiodisation.com\/pt\/wp-json\/wp\/v2\/media?parent=9691"}],"curies":[{"name":"wp","href":"https:\/\/api.w.org\/{rel}","templated":true}]}}