{"id":9673,"date":"2023-04-24T14:39:36","date_gmt":"2023-04-24T14:39:36","guid":{"rendered":"https:\/\/www.tacticalperiodisation.com\/oradores-de-elite\/"},"modified":"2026-08-31T17:10:52","modified_gmt":"2026-08-31T17:10:52","slug":"oradores-de-elite","status":"publish","type":"page","link":"https:\/\/www.tacticalperiodisation.com\/pt\/oradores-de-elite\/","title":{"rendered":"Oradores de Elite"},"content":{"rendered":"<p><div class=\"fusion-fullwidth fullwidth-box fusion-builder-row-1 fusion-flex-container has-pattern-background has-mask-background nonhundred-percent-fullwidth non-hundred-percent-height-scrolling\" style=\"--awb-border-radius-top-left:0px;--awb-border-radius-top-right:0px;--awb-border-radius-bottom-right:0px;--awb-border-radius-bottom-left:0px;--awb-flex-wrap:wrap;\" ><div class=\"fusion-builder-row fusion-row fusion-flex-align-items-flex-start fusion-flex-content-wrap\" style=\"max-width:1332.24px;margin-left: calc(-4% \/ 2 );margin-right: calc(-4% \/ 2 );\"><div class=\"fusion-layout-column fusion_builder_column fusion-builder-column-0 fusion_builder_column_1_1 1_1 fusion-flex-column\" style=\"--awb-bg-size:cover;--awb-width-large:100%;--awb-margin-top-large:10px;--awb-spacing-right-large:1.92%;--awb-margin-bottom-large:10px;--awb-spacing-left-large:1.92%;--awb-width-medium:100%;--awb-order-medium:0;--awb-spacing-right-medium:1.92%;--awb-spacing-left-medium:1.92%;--awb-width-small:100%;--awb-order-small:0;--awb-spacing-right-small:1.92%;--awb-spacing-left-small:1.92%;\"><div class=\"fusion-column-wrapper fusion-column-has-shadow fusion-flex-justify-content-flex-start fusion-content-layout-column\"><div class=\"fusion-title title fusion-title-1 fusion-sep-none fusion-title-text fusion-title-size-one\"><h1 class=\"fusion-title-heading title-heading-left fusion-responsive-typography-calculated\" style=\"margin:0;text-transform:capitalize;--fontSize:50;line-height:var(--awb-typography1-line-height);\"><h1 style=\"font-size: 24px; text-align: center;\">Convidados Certificados<\/h1><\/h1><\/div><\/div><\/div><div class=\"fusion-layout-column fusion_builder_column fusion-builder-column-1 fusion_builder_column_1_1 1_1 fusion-flex-column\" style=\"--awb-bg-size:cover;--awb-width-large:100%;--awb-margin-top-large:10px;--awb-spacing-right-large:1.92%;--awb-margin-bottom-large:10px;--awb-spacing-left-large:1.92%;--awb-width-medium:100%;--awb-order-medium:0;--awb-spacing-right-medium:1.92%;--awb-spacing-left-medium:1.92%;--awb-width-small:100%;--awb-order-small:0;--awb-spacing-right-small:1.92%;--awb-spacing-left-small:1.92%;\"><div class=\"fusion-column-wrapper fusion-column-has-shadow fusion-flex-justify-content-flex-start fusion-content-layout-column\"><div class=\"fusion-flip-boxes flip-boxes row fusion-columns-3 flip-effect-classic equal-heights\"><div class=\"fusion-flip-box-wrapper fusion-column col-lg-4 col-md-4 col-sm-4\"><div class=\"fusion-flip-box flip-right\" tabindex=\"0\"><div class=\"flip-box-inner-wrapper\"><div class=\"flip-box-front\" style=\"--awb-background-image-front:url(&#039;https:\/\/www.tacticalperiodisation.com\/wp-content\/uploads\/2023\/11\/AbelPimenta-1000-1000.jpg&#039;);\"><div class=\"flip-box-front-inner\"><h2 class=\"flip-box-heading\">Abel Pimenta<\/h2>Treinador de Futebol<\/div><\/div><div class=\"flip-box-back\"><div class=\"flip-box-back-inner\"><h3 class=\"flip-box-heading-back\">Abel Pimenta<\/h3>\n<p><strong>Treinador de Futebol:<\/strong> FC Arouca, Gil Vicente, Sevilla FC, FC Porto, RC Celta de Vigo, AD Aves<br \/>Licenciatura em Educa\u00e7\u00e3o F\u00edsica e Desporto pela Universidade do Porto \u2013 Faculdade de Desporto (especializa\u00e7\u00e3o em Futebol)<\/p>\n<\/div><\/div><\/div><\/div><\/div><div class=\"fusion-flip-box-wrapper fusion-column col-lg-4 col-md-4 col-sm-4\"><div class=\"fusion-flip-box flip-right\" tabindex=\"0\"><div class=\"flip-box-inner-wrapper\"><div class=\"flip-box-front\" style=\"--awb-background-image-front:url(&#039;https:\/\/www.tacticalperiodisation.com\/wp-content\/uploads\/2023\/11\/AlvaroPacheco_1000-1000.jpg&#039;);\"><div class=\"flip-box-front-inner\"><h2 class=\"flip-box-heading\">\u00c1lvaro Pacheco<\/h2>Treinador de Futebol<\/div><\/div><div class=\"flip-box-back\"><div class=\"flip-box-back-inner\"><h3 class=\"flip-box-heading-back\">\u00c1lvaro Pacheco<\/h3>\n<p><strong>Treinador de Futebol<\/strong>: Vit\u00f3ria SC, Estoril Praia, FC Vizela, Boavista FC, FC Penafiel, AD Fafe, Moreirense FC<br \/><strong>Momentos Especiais: <\/strong>Pr\u00e9mio de Melhor Treinador da Segunda Liga Portuguesa<\/p>\n<\/div><\/div><\/div><\/div><\/div><div class=\"fusion-flip-box-wrapper fusion-column col-lg-4 col-md-4 col-sm-4\"><div class=\"fusion-flip-box flip-right\" tabindex=\"0\"><div class=\"flip-box-inner-wrapper\"><div class=\"flip-box-front\" style=\"--awb-background-image-front:url(&#039;https:\/\/www.tacticalperiodisation.com\/wp-content\/uploads\/2023\/11\/AntonioSimoes-1000-1000.jpg&#039;);\"><div class=\"flip-box-front-inner\"><h2 class=\"flip-box-heading\">Ant\u00f3nio Sim\u00f5es<\/h2>Treinador de Futebol<\/div><\/div><div class=\"flip-box-back\"><div class=\"flip-box-back-inner\"><h3 class=\"flip-box-heading-back\">Ant\u00f3nio Sim\u00f5es<\/h3>\n<p><strong>Treinador de Futebol: <\/strong>Sele\u00e7\u00e3o Nacional Portuguesa Sub-23, Sele\u00e7\u00e3o Nacional do Ir\u00e3o, Ex-jogador da Sele\u00e7\u00e3o Nacional Portuguesa, Ex-jogador do SL Benfica<br \/><strong>Momentos Especiais: <\/strong>Vencedor da Liga dos Campe\u00f5es da UEFA, Vencedor do Campeonato Portugu\u00eas, Vencedor da Ta\u00e7a de Portugal<\/p>\n<\/div><\/div><\/div><\/div><\/div><div class=\"fusion-flip-box-wrapper fusion-column col-lg-4 col-md-4 col-sm-4\"><div class=\"fusion-flip-box flip-right\" tabindex=\"0\"><div class=\"flip-box-inner-wrapper\"><div class=\"flip-box-front\" style=\"--awb-background-image-front:url(&#039;https:\/\/www.tacticalperiodisation.com\/wp-content\/uploads\/2023\/11\/BrunoOliveira-1000-1000.jpg&#039;);\"><div class=\"flip-box-front-inner\"><h2 class=\"flip-box-heading\">Bruno Oliveira<\/h2>Treinador de Futebol<\/div><\/div><div class=\"flip-box-back\"><div class=\"flip-box-back-inner\"><h3 class=\"flip-box-heading-back\">Bruno Oliveira<\/h3>\n<p><strong>Treinador de Futebol:<\/strong> Al-Arabe SC, Al-Duhail Sports Club, Leicester City FC, Swansea City AFC, Queens Park Rangers FC, FC Porto, Lekhwiya, Beijing, Renhe FC<b><br \/>Publica\u00e7\u00f5es: <\/b><i>Mourinho \u2013 Porqu\u00ea tantas vit\u00f3rias? de <\/i>Bruno Oliveira, Ricardo Barreto, Nuno Resende e Nuno Amieiro (Portugu\u00eas)<br \/><strong>Qualifica\u00e7\u00f5es Acad\u00e9micas: <\/strong>Licenciatura em Educa\u00e7\u00e3o F\u00edsica e Desporto pela Universidade do Porto \u2013 Faculdade de Desporto (especializa\u00e7\u00e3o em Futebol)<\/p>\n<\/div><\/div><\/div><\/div><\/div><div class=\"fusion-flip-box-wrapper fusion-column col-lg-4 col-md-4 col-sm-4\"><div class=\"fusion-flip-box flip-right\" tabindex=\"0\"><div class=\"flip-box-inner-wrapper\"><div class=\"flip-box-front\" style=\"--awb-background-image-front:url(&#039;https:\/\/www.tacticalperiodisation.com\/wp-content\/uploads\/2023\/11\/CarlosDaniel-1000-1000.jpg&#039;);\"><div class=\"flip-box-front-inner\"><h2 class=\"flip-box-heading\">Carlos Daniel<\/h2>Jornalista e Comentador de Futebol<\/div><\/div><div class=\"flip-box-back\"><div class=\"flip-box-back-inner\"><h3 class=\"flip-box-heading-back\">Carlos Daniel<\/h3>\n<p>Jornalista e Comentador de Futebol da Televis\u00e3o P\u00fablica (RTP)<\/p>\n<p><strong>Clubes Anteriores: <\/strong>Jogador de futebol do USC Paredes nas equipas de forma\u00e7\u00e3o.<\/p>\n<p>Reconhecido pelo seu conhecimento de futebol, \u00e9 comentador regular nos canais de televis\u00e3o nacionais portugueses.<\/p>\n<\/div><\/div><\/div><\/div><\/div><div class=\"fusion-flip-box-wrapper fusion-column col-lg-4 col-md-4 col-sm-4\"><div class=\"fusion-flip-box flip-right\" tabindex=\"0\"><div class=\"flip-box-inner-wrapper\"><div class=\"flip-box-front\" style=\"--awb-background-image-front:url(&#039;https:\/\/www.tacticalperiodisation.com\/wp-content\/uploads\/2023\/05\/Filipe-Ribeiro-viainsta.jpg&#039;);\"><div class=\"flip-box-front-inner\"><h2 class=\"flip-box-heading\">Filipe Ribeiro<\/h2>Treinador de Futebol<\/div><\/div><div class=\"flip-box-back\"><div class=\"flip-box-back-inner\"><h3 class=\"flip-box-heading-back\">Filipe Ribeiro<\/h3>\n<p><strong>Treinador de Futebol:<\/strong> FC Porto, Vit\u00f3ria SC, FC Penafiel, FC Pa\u00e7os de Ferreira<b><br \/>Momentos Especiais:<\/b><br \/>Vencedor da Ta\u00e7a da Associa\u00e7\u00e3o de Futebol do Porto<br \/>Licenciatura em Educa\u00e7\u00e3o F\u00edsica e Desporto pela Universidade do Porto \u2013 Faculdade de Desporto (especializa\u00e7\u00e3o em Futebol)<\/p>\n<\/div><\/div><\/div><\/div><\/div><div class=\"fusion-flip-box-wrapper fusion-column col-lg-4 col-md-4 col-sm-4\"><div class=\"fusion-flip-box flip-right\" tabindex=\"0\"><div class=\"flip-box-inner-wrapper\"><div class=\"flip-box-front\" style=\"--awb-background-image-front:url(&#039;https:\/\/www.tacticalperiodisation.com\/wp-content\/uploads\/2024\/01\/Francisco-Fardilha-via-record.jpeg&#039;);\"><div class=\"flip-box-front-inner\"><h2 class=\"flip-box-heading\">Francisco Fardilha<\/h2>Diretor-Geral de Futebol do FC Bayern M\u00fcnchen Women, Bordeaux Women. Professor de Estudos do Desporto e do Mestrado em Coaching de Performance na University of Stirling. Podcast: \u201cCoaching With An Accent\u201d  <\/div><\/div><div class=\"flip-box-back\"><div class=\"flip-box-back-inner\"><h3 class=\"flip-box-heading-back\">Francisco Fardilha<\/h3>\n<p><strong>Qualifica\u00e7\u00f5es Acad\u00e9micas: <\/strong>Fundador do \u201cSpecial Interest Coaching Research Group\u201d, membro da Higher Education Academy, membro da British Association of Sport and Exercise Scientists, membro da Sociedade Portuguesa de Psicologia do Desporto, vencedor do Teaching Impact Award (2019), Universidade do Porto \u2013 Faculdade de Desporto (foco no Futebol), Mestrado em Treino Desportivo pela University of Stirling, Doutoramento em Estudos do Desporto pela University of Stirling<br \/><b>Publica\u00e7\u00f5es: <\/b>International Review of Sport and Exercise Psychology, Sports Coaching Review; e The Sport and Exercise Scientist.<\/p>\n<\/div><\/div><\/div><\/div><\/div><div class=\"fusion-flip-box-wrapper fusion-column col-lg-4 col-md-4 col-sm-4\"><div class=\"fusion-flip-box flip-right\" tabindex=\"0\"><div class=\"flip-box-inner-wrapper\"><div class=\"flip-box-front\" style=\"--awb-background-image-front:url(&#039;https:\/\/www.tacticalperiodisation.com\/wp-content\/uploads\/2023\/05\/Francisco-Neto-Reuters-Ludvig-Thunman.jpg&#039;);\"><div class=\"flip-box-front-inner\"><h2 class=\"flip-box-heading\">Francisco Neto<\/h2>Treinador de Futebol<\/div><\/div><div class=\"flip-box-back\"><div class=\"flip-box-back-inner\"><h3 class=\"flip-box-heading-back\">Francisco Neto<\/h3>\n<p><strong>Treinador de Futebol:<\/strong> Sele\u00e7\u00e3o Nacional Portuguesa, Feminina<br \/><strong>Qualifica\u00e7\u00f5es Acad\u00e9micas: <\/strong>Licenciatura em Educa\u00e7\u00e3o F\u00edsica e Desporto pela Universidade do Porto \u2013 Faculdade de Desporto (especializa\u00e7\u00e3o em Futebol)<\/p>\n<\/div><\/div><\/div><\/div><\/div><div class=\"fusion-flip-box-wrapper fusion-column col-lg-4 col-md-4 col-sm-4\"><div class=\"fusion-flip-box flip-right\" tabindex=\"0\"><div class=\"flip-box-inner-wrapper\"><div class=\"flip-box-front\" style=\"--awb-background-image-front:url(&#039;https:\/\/www.tacticalperiodisation.com\/wp-content\/uploads\/2023\/05\/Jorge-Braz-viainsta.jpg&#039;);\"><div class=\"flip-box-front-inner\"><h2 class=\"flip-box-heading\">Jorge Braz<\/h2>Treinador de Futsal<\/div><\/div><div class=\"flip-box-back\"><div class=\"flip-box-back-inner\"><h3 class=\"flip-box-heading-back\">Jorge Braz<\/h3>\n<p><strong>Treinador de Futsal:<\/strong> Sele\u00e7\u00e3o Nacional Portuguesa de Futsal<br \/><b><br \/>Momentos Especiais: <\/b>Campe\u00e3o do Mundo de Futsal FIFA, Campe\u00e3o das Finais Intercontinentais de Futsal, Campe\u00e3o Europeu de Futsal UEFA<br \/><strong>Qualifica\u00e7\u00f5es Acad\u00e9micas: <\/strong>Licenciatura em Ci\u00eancias do Desporto pela Universidade de Tr\u00e1s os Montes e Alto Douro<\/p>\n<\/div><\/div><\/div><\/div><\/div><div class=\"fusion-flip-box-wrapper fusion-column col-lg-4 col-md-4 col-sm-4\"><div class=\"fusion-flip-box flip-right\" tabindex=\"0\"><div class=\"flip-box-inner-wrapper\"><div class=\"flip-box-front\" style=\"--awb-background-image-front:url(&#039;https:\/\/www.tacticalperiodisation.com\/wp-content\/uploads\/2023\/05\/Jose-Boto-via-TRIBUNAEXPRESSO.jpg&#039;);\"><div class=\"flip-box-front-inner\"><h2 class=\"flip-box-heading\">Jos\u00e9 Boto<\/h2>Diretor Desportivo<\/div><\/div><div class=\"flip-box-back\"><div class=\"flip-box-back-inner\"><h3 class=\"flip-box-heading-back\">Jos\u00e9 Boto<\/h3>\n<p><strong>Diretor Desportivo:<\/strong> NK Osijek, Cro\u00e1cia, PAOK, Gr\u00e9cia<br \/><strong>Scouting:<\/strong> FC Shakhtar Donetsk, SL Benfica<\/p>\n<\/div><\/div><\/div><\/div><\/div><div class=\"fusion-flip-box-wrapper fusion-column col-lg-4 col-md-4 col-sm-4\"><div class=\"fusion-flip-box flip-right\" tabindex=\"0\"><div class=\"flip-box-inner-wrapper\"><div class=\"flip-box-front\" style=\"--awb-background-image-front:url(&#039;https:\/\/www.tacticalperiodisation.com\/wp-content\/uploads\/2024\/01\/JoseTavare-1000-1000.jpeg&#039;);\"><div class=\"flip-box-front-inner\"><h2 class=\"flip-box-heading\">Jos\u00e9 Tavares<\/h2>Treinador de Futebol<\/div><\/div><div class=\"flip-box-back\"><div class=\"flip-box-back-inner\"><h3 class=\"flip-box-heading-back\">Jos\u00e9 Tavares<\/h3>\n<p><strong>Treinador de Futebol:<\/strong> Charlotte FC NP, EUA, FC Porto, Boavista FC, FC Pa\u00e7os de Ferreira<b><br \/>Momentos Especiais:<\/b><br \/>Campe\u00e3o da Liga Portuguesa de Juniores<br \/>Licenciatura em Educa\u00e7\u00e3o F\u00edsica e Desporto pela Universidade do Porto \u2013 Faculdade de Desporto (especializa\u00e7\u00e3o em Futebol)<\/p>\n<\/div><\/div><\/div><\/div><\/div><div class=\"fusion-flip-box-wrapper fusion-column col-lg-4 col-md-4 col-sm-4\"><div class=\"fusion-flip-box flip-right\" tabindex=\"0\"><div class=\"flip-box-inner-wrapper\"><div class=\"flip-box-front\" style=\"--awb-background-image-front:url(&#039;https:\/\/www.tacticalperiodisation.com\/wp-content\/uploads\/2024\/01\/Luis-Conceicao-viaUEFA-1.jpeg&#039;);\"><div class=\"flip-box-front-inner\"><h2 class=\"flip-box-heading\">Lu\u00eds Concei\u00e7\u00e3o<\/h2>Treinador de Futsal<\/div><\/div><div class=\"flip-box-back\"><div class=\"flip-box-back-inner\"><h3 class=\"flip-box-heading-back\">Lu\u00eds Concei\u00e7\u00e3o<\/h3>\n<div class=\"fusion-layout-column fusion_builder_column fusion-builder-column-15 fusion_builder_column_1_1 1_1 fusion-flex-column\" data-motion-effects=\"&#091;{\"type\":\"\",\"scroll_type\":\"transition\",\"scroll_direction\":\"up\",\"transition_speed\":\"1\",\"fade_type\":\"in\",\"scale_type\":\"up\",\"initial_scale\":\"1\",\"max_scale\":\"1.5\",\"min_scale\":\"0.5\",\"initial_rotate\":\"0\",\"end_rotate\":\"30\",\"initial_blur\":\"0\",\"end_blur\":\"3\",\"start_element\":\"top\",\"start_viewport\":\"bottom\",\"end_element\":\"bottom\",\"end_viewport\":\"top\",\"mouse_effect\":\"track\",\"mouse_effect_direction\":\"opposite\",\"mouse_effect_speed\":\"2\",\"infinite_animation\":\"float\",\"infinite_animation_speed\":\"2\"}&#093;\" data-scroll-devices=\"small-visibility,medium-visibility,large-visibility\">\n<div class=\"fusion-column-wrapper fusion-column-has-shadow fusion-flex-justify-content-flex-start fusion-content-layout-column\">\n<div class=\"fusion-builder-row fusion-builder-row-inner fusion-row fusion-flex-align-items-flex-start fusion-flex-content-wrap\">\n<div class=\"fusion-layout-column fusion_builder_column_inner fusion-builder-nested-column-23 fusion_builder_column_inner_3_4 3_4 fusion-flex-column\">\n<div class=\"fusion-column-wrapper fusion-column-has-shadow fusion-flex-justify-content-flex-start fusion-content-layout-column\">\n<div class=\"fusion-text fusion-text-12\">\n<p><strong>Treinador de Futsal:<\/strong> Sele\u00e7\u00e3o Nacional Portuguesa de Futsal Feminina<\/p>\n<\/div>\n<\/div>\n<\/div>\n<\/div>\n<\/div>\n<\/div>\n<div class=\"fusion-layout-column fusion_builder_column fusion-builder-column-16 fusion_builder_column_1_1 1_1 fusion-flex-column\" data-motion-effects=\"&#091;{\"type\":\"\",\"scroll_type\":\"transition\",\"scroll_direction\":\"up\",\"transition_speed\":\"1\",\"fade_type\":\"in\",\"scale_type\":\"up\",\"initial_scale\":\"1\",\"max_scale\":\"1.5\",\"min_scale\":\"0.5\",\"initial_rotate\":\"0\",\"end_rotate\":\"30\",\"initial_blur\":\"0\",\"end_blur\":\"3\",\"start_element\":\"top\",\"start_viewport\":\"bottom\",\"end_element\":\"bottom\",\"end_viewport\":\"top\",\"mouse_effect\":\"track\",\"mouse_effect_direction\":\"opposite\",\"mouse_effect_speed\":\"2\",\"infinite_animation\":\"float\",\"infinite_animation_speed\":\"2\"}&#093;\" data-scroll-devices=\"small-visibility,medium-visibility,large-visibility\">\n<div class=\"fusion-column-wrapper fusion-column-has-shadow fusion-flex-justify-content-flex-start fusion-content-layout-column\">\n<div class=\"fusion-builder-row fusion-builder-row-inner fusion-row fusion-flex-align-items-flex-start fusion-flex-content-wrap\">\n<div class=\"fusion-layout-column fusion_builder_column_inner fusion-builder-nested-column-24 fusion_builder_column_inner_1_4 1_4 fusion-flex-column\">\n<div class=\"fusion-column-wrapper fusion-column-has-shadow fusion-flex-justify-content-flex-start fusion-content-layout-column\">&nbsp;<\/div>\n<\/div>\n<\/div>\n<\/div>\n<\/div>\n<\/div><\/div><\/div><\/div><\/div><div class=\"fusion-flip-box-wrapper fusion-column col-lg-4 col-md-4 col-sm-4\"><div class=\"fusion-flip-box flip-right\" tabindex=\"0\"><div class=\"flip-box-inner-wrapper\"><div class=\"flip-box-front\" style=\"--awb-background-image-front:url(&#039;https:\/\/www.tacticalperiodisation.com\/wp-content\/uploads\/2024\/01\/PEP-scaled.jpg&#039;);\"><div class=\"flip-box-front-inner\"><h2 class=\"flip-box-heading\">Pep Ljinders<\/h2>Treinador de Futebol<\/div><\/div><div class=\"flip-box-back\"><div class=\"flip-box-back-inner\"><h3 class=\"flip-box-heading-back\">Pep Ljinders<\/h3>\n<p><strong>Treinador de Futebol:<\/strong> Liverpool FC, FC Porto, PSV Eindhoven<br \/><b><br \/>Momentos Especiais: <\/b>Vencedor da Premier League (2019\/2020): Liverpool FC, Vencedor da Liga dos Campe\u00f5es da UEFA: Liverpool FC<br \/>Vencedor do Mundial de Clubes FIFA (2019): Liverpool FC, FA Cup (2021): Liverpool FC, FA Community Shield (2022, Liverpool), League Cup 2021\/2022<br \/><b><br \/>Publica\u00e7\u00f5es: <\/b><i>Intensity: Inside Liverpool FC <\/i>Pepjin Ljinders (2022, Ingl\u00eas)<\/p>\n<\/div><\/div><\/div><\/div><\/div><\/div><\/div><\/div><\/div><\/div><div class=\"fusion-fullwidth fullwidth-box fusion-builder-row-2 fusion-flex-container has-pattern-background has-mask-background nonhundred-percent-fullwidth non-hundred-percent-height-scrolling\" style=\"--awb-border-radius-top-left:0px;--awb-border-radius-top-right:0px;--awb-border-radius-bottom-right:0px;--awb-border-radius-bottom-left:0px;--awb-flex-wrap:wrap;\" ><div class=\"fusion-builder-row fusion-row fusion-flex-align-items-flex-start fusion-flex-content-wrap\" style=\"max-width:1332.24px;margin-left: calc(-4% \/ 2 );margin-right: calc(-4% \/ 2 );\"><\/div><\/div><\/p>\n","protected":false},"excerpt":{"rendered":"","protected":false},"author":1,"featured_media":0,"parent":0,"menu_order":0,"comment_status":"closed","ping_status":"closed","template":"","meta":{"_joinchat":[],"footnotes":""},"class_list":["post-9673","page","type-page","status-publish","hentry"],"aioseo_notices":[],"_links":{"self":[{"href":"https:\/\/www.tacticalperiodisation.com\/pt\/wp-json\/wp\/v2\/pages\/9673","targetHints":{"allow":["GET"]}}],"collection":[{"href":"https:\/\/www.tacticalperiodisation.com\/pt\/wp-json\/wp\/v2\/pages"}],"about":[{"href":"https:\/\/www.tacticalperiodisation.com\/pt\/wp-json\/wp\/v2\/types\/page"}],"author":[{"embeddable":true,"href":"https:\/\/www.tacticalperiodisation.com\/pt\/wp-json\/wp\/v2\/users\/1"}],"replies":[{"embeddable":true,"href":"https:\/\/www.tacticalperiodisation.com\/pt\/wp-json\/wp\/v2\/comments?post=9673"}],"version-history":[{"count":2,"href":"https:\/\/www.tacticalperiodisation.com\/pt\/wp-json\/wp\/v2\/pages\/9673\/revisions"}],"predecessor-version":[{"id":9689,"href":"https:\/\/www.tacticalperiodisation.com\/pt\/wp-json\/wp\/v2\/pages\/9673\/revisions\/9689"}],"wp:attachment":[{"href":"https:\/\/www.tacticalperiodisation.com\/pt\/wp-json\/wp\/v2\/media?parent=9673"}],"curies":[{"name":"wp","href":"https:\/\/api.w.org\/{rel}","templated":true}]}}